{"id":1968,"date":"2023-12-15T17:09:48","date_gmt":"2023-12-15T16:09:48","guid":{"rendered":"https:\/\/www.ecolodges-des-3-lacs.com\/la-region\/"},"modified":"2026-02-23T15:14:55","modified_gmt":"2026-02-23T14:14:55","slug":"der-umgebung","status":"publish","type":"page","link":"https:\/\/www.ecolodges-des-3-lacs.com\/de\/der-umgebung\/","title":{"rendered":"Der Umgebung"},"content":{"rendered":"\n<div class=\"wp-block-cover alignfull header-top\" style=\"margin-top:0px;min-height:100vh;aspect-ratio:unset;\"><img decoding=\"async\" width=\"1900\" height=\"950\" class=\"wp-block-cover__image-background wp-image-1716 lazyload\" alt=\"\" data-src=\"https:\/\/www.ecolodges-des-3-lacs.com\/wp-content\/uploads\/region-top.jpg\" style=\"--smush-placeholder-width: 1900px; --smush-placeholder-aspect-ratio: 1900\/950;object-position:48% 0%\" data-object-fit=\"cover\" data-object-position=\"48% 0%\" data-srcset=\"https:\/\/www.ecolodges-des-3-lacs.com\/wp-content\/uploads\/\/region-top.jpg 1900w, https:\/\/www.ecolodges-des-3-lacs.com\/wp-content\/uploads\/\/region-top-1024x512.jpg 1024w, https:\/\/www.ecolodges-des-3-lacs.com\/wp-content\/uploads\/\/region-top-768x384.jpg 768w, https:\/\/www.ecolodges-des-3-lacs.com\/wp-content\/uploads\/\/region-top-1536x768.jpg 1536w, https:\/\/www.ecolodges-des-3-lacs.com\/wp-content\/uploads\/\/region-top-512x256.jpg 512w, https:\/\/www.ecolodges-des-3-lacs.com\/wp-content\/uploads\/\/region-top-256x128.jpg 256w\" data-sizes=\"(max-width: 1900px) 100vw, 1900px\" src=\"data:image\/svg+xml;base64,PHN2ZyB3aWR0aD0iMSIgaGVpZ2h0PSIxIiB4bWxucz0iaHR0cDovL3d3dy53My5vcmcvMjAwMC9zdmciPjwvc3ZnPg==\" \/><span aria-hidden=\"true\" class=\"wp-block-cover__background has-background-dim-20 has-background-dim\"><\/span><div class=\"wp-block-cover__inner-container is-layout-constrained wp-block-cover-is-layout-constrained\">\n<div class=\"wp-block-columns are-vertically-aligned-center is-layout-flex wp-container-core-columns-is-layout-56259212 wp-block-columns-is-layout-flex\" style=\"margin-top:70px\">\n<div class=\"wp-block-column is-vertically-aligned-center titre-top r animation--init--once animation--left is-layout-flow wp-block-column-is-layout-flow\" style=\"flex-basis:67%\">\n<p class=\"has-text-align-left\">Camping Les Ecolodges<br>des 3 Lacs<\/p>\n<\/div>\n\n\n\n<div class=\"wp-block-column is-vertically-aligned-center motor-content is-layout-flow wp-block-column-is-layout-flow\" style=\"flex-basis:40%\">\n<div class=\"wp-block-group motor-thelis motor-header is-layout-constrained wp-block-group-is-layout-constrained\" style=\"margin-top:0px;margin-bottom:0px\">\n<div class=\"wp-block-columns le-moteur animation--init--once animation--right is-layout-flex wp-container-core-columns-is-layout-28f84493 wp-block-columns-is-layout-flex\">\n<div class=\"wp-block-column is-layout-flow wp-block-column-is-layout-flow\" style=\"flex-basis:100%\">\n<p class=\"has-text-align-center titre-moteur has-muthiara-font-family\">Ihr Urlaub <sub>beginnt hier !<\/sub><\/p>\n\n\n\n<section class=\"formulaire-de-recherche-bar\">\r\n            <div id=\"expand-thelis-formulaire\">Buchen<\/div>\r\n            <div class=\"container-form\"><thr-search-engine><\/thr-search-engine><a id=\"pay-btn-2\" onclick=\"window.open('https:\/\/thelisresa.webcamp.fr\/cart-directPayment.php?camping=lacs05&amp;lang=de');\"><i><\/i>Ihren Aufenthalt<\/a>\r\n            <style>\r\n            \r\n            .thr-search-engine .thr-search-engine-main > .thr-btn-search { max-width: 20% !important; }\r\n            .thr .btn i { margin-right: 0 !important; }\r\n            #pay-btn-2 { \r\n                position: absolute;\r\n                right: 0;top: 0;\r\n                margin: 10px;\r\n                border: 0;\r\n                background-color: ;\r\n                color: ;\r\n                cursor: pointer;\r\n                width: calc(17% - 5px);\r\n                padding: 17px 0;\r\n                font-size: 18px;\r\n                font-weight: bold;\r\n                text-transform: auto;\r\n                transition: all .35s;\r\n                display: flex;justify-content: center;\r\n                align-items: center;\r\n            }\r\n            #pay-btn-2 i {\r\n                display: inline-flex;\r\n                width:18px;height:18px;\r\n                margin-right: 5px;\r\n                background-image: url('data:image\/svg+xml;utf8,<?xml version=\"1.0\" encoding=\"utf-8\"?><svg width=\"1792\" height=\"1792\" viewBox=\"0 0 1792 1792\" xmlns=\"http:\/\/www.w3.org\/2000\/svg\"><path d=\"M704 1536q0 52-38 90t-90 38-90-38-38-90 38-90 90-38 90 38 38 90zm896 0q0 52-38 90t-90 38-90-38-38-90 38-90 90-38 90 38 38 90zm128-1088v512q0 24-16.5 42.5t-40.5 21.5l-1044 122q13 60 13 70 0 16-24 64h920q26 0 45 19t19 45-19 45-45 19h-1024q-26 0-45-19t-19-45q0-11 8-31.5t16-36 21.5-40 15.5-29.5l-177-823h-204q-26 0-45-19t-19-45 19-45 45-19h256q16 0 28.5 6.5t19.5 15.5 13 24.5 8 26 5.5 29.5 4.5 26h1201q26 0 45 19t19 45z\" fill=\"rgba(255,255,255,1)\" \/><\/svg>');\r\n                background-size: cover;background-position: center center;background-repeat: no-repeat;\r\n            }\r\n            #pay-btn-2:hover { background-color: ; }\r\n            .thr-search-engine { width: 83%; }\r\n\r\n            @media screen and (max-width: 1024px) {\r\n                #pay-btn-2 { top: 52px; }\r\n                .thr-search-engine .thr-search-engine-main > .thr-btn-search { max-width: inherit !important; }\r\n            }\r\n            @media screen and (max-width: 990px) {\r\n                .thr-search-engine { width: 100%; }\r\n                #pay-btn-2 { position: relative;width: calc(100% - 20px);top: auto;margin-top: 0; }\r\n            }\r\n\r\n            thr-search-engine { border-right: 200px rgba(0,0,0,0) solid;display: block; }\r\n            @media screen and (max-width: 1024px) {\r\n                thr-search-engine { border-right: inherit;display: inherit; }\r\n            }\r\n            <\/style>\r\n            <\/div><\/section><!-- .formulaire-de-recherche-bar --><style>\r\n        #expand-thelis-formulaire { display: none; }\r\n        @media screen and (max-width: 1024px) {\r\n            #expand-thelis-formulaire { display: block; }\r\n            .formulaire-de-recherche-bar .container-form { display: none; }\r\n        }\r\n    <\/style><script>\r\n    jQuery(document).ready(function($){\r\n        jQuery('#expand-thelis-formulaire').click(function(){\r\n            if(\r\n                jQuery('.formulaire-de-recherche-bar .container-form').css('display') == 'none'\r\n            ){\r\n                jQuery('.formulaire-de-recherche-bar .container-form').css('display', 'block');\r\n                jQuery('#expand-thelis-formulaire').addClass('expanded');\r\n            }else{\r\n                jQuery('.formulaire-de-recherche-bar .container-form').css('display', 'none');\r\n                jQuery('#expand-thelis-formulaire').removeClass('expanded');\r\n            }\r\n        });\r\n    });\r\n    <\/script>\n\n\n\n<script type=\"module\" src=\"https:\/\/online.resa-booking.com\/front\/widgetBase\/v2\/module\/index.js\"><\/script><div class=\"widget-container\">\n            <!-- Widget barre de recherche ResaBooking -->\n            <rb-search-bar \n                data-target=\"_parent\" \n                data-requiredDate=\"false\">\n            <\/rb-search-bar>\n        <\/div><script>\n        window.addEventListener('load', () => {\n            window.resabooking({\n                id: 1422,\n                token: 'f869219bc30.11571370',\n                type: 'searchBar',\n                lang: 'de',\n                adults: 2\n                \/\/ Opciones adicionales disponibles:\n                \/\/ arrivalDate: 'YYYY-MM-DD',\n                \/\/ departureDate: 'YYYY-MM-DD',\n                \/\/ submitOnChangeCalendar: false\n            });\n            \n            console.log('\u2705 Widget ResaBooking inicializado correctamente');\n        });\n    <\/script>\n<\/div>\n<\/div>\n<\/div>\n<\/div>\n<\/div>\n<\/div><\/div>\n\n\n\n<div class=\"wp-block-group alignfull intro-page is-layout-constrained wp-block-group-is-layout-constrained\">\n<div class=\"wp-block-columns are-vertically-aligned-center centered-block is-layout-flex wp-container-core-columns-is-layout-f2b4f319 wp-block-columns-is-layout-flex\">\n<div class=\"wp-block-column is-vertically-aligned-center is-layout-flow wp-block-column-is-layout-flow\" style=\"flex-basis:50%\">\n<h1 class=\"wp-block-heading has-text-align-center\" style=\"text-transform:uppercase\"><strong>SEHEN UND TUN <\/strong><br>IN DEN HOHEN ALPEN<br><sub>camping Les Ecolodges des 3 Lacs<\/sub><\/h1>\n\n\n\n<p class=\"has-text-align-center\">Ob Sie nach Entspannung oder Abenteuer suchen, erm\u00f6glicht Ihnen unser Campingplatz beides zu genie\u00dfen. Nehmen Sie an verschiedenen Aktivit\u00e4ten wie Wandern, Schwimmen, Wassersport und Luftaktivit\u00e4ten teil. Entdecken Sie lokale M\u00e4rkte, Schl\u00f6sser, \u2018Les demoiselles coiff\u00e9es\u2019, ganz zu schweigen von der Route der Fr\u00fcchte und des Weins. Unten finden Sie eine kleine Auswahl der zahlreichen M\u00f6glichkeiten.<\/p>\n<\/div>\n<\/div>\n<\/div>\n\n\n\n<div class=\"wp-block-group alignfull sliders-camping oh is-layout-constrained wp-block-group-is-layout-constrained\">\n<div class=\"wp-block-columns alignfull are-vertically-aligned-center r animation--init--once animation--left is-layout-flex wp-container-core-columns-is-layout-28f84493 wp-block-columns-is-layout-flex\">\n<div class=\"wp-block-column is-vertically-aligned-center slider-info is-layout-flow wp-block-column-is-layout-flow\" style=\"flex-basis:38%\">\n<h2 class=\"wp-block-heading\"><strong>ABENTEUER<\/strong> <sub>Sport und Familie<\/sub><\/h2>\n\n\n\n<p>Abenteuer, Sport und Familienspa\u00df<\/p>\n\n\n\n<p>Erleben Sie die Aufregung der vielen Aktivit\u00e4ten, die auf unsere wundersch\u00f6ne Umgebung abgestimmt sind. Staunen Sie \u00fcber eine atemberaubende Greifvogelshow mit dem malerischen Lac Serre-Pon\u00e7on im Hintergrund oder wagen Sie sogar einen Fallschirmsprung aus einem Flugzeug. Dies ist nur eine kleine Auswahl der unz\u00e4hligen M\u00f6glichkeiten, die Sie hier finden. F\u00fcr noch mehr Ideen stehen wir Ihnen jederzeit an unserer Rezeption zur Verf\u00fcgung.&#8220;<\/p>\n<\/div>\n\n\n\n<div class=\"wp-block-column is-vertically-aligned-center le-slider is-layout-flow wp-block-column-is-layout-flow\">\n<div class=\"wp-block-slider\">\n    <div class=\"block-slider-splide splide\" id=\"block_slide_7780\">\n        <div class=\"splide__track\">\n                <div class=\"acf-innerblocks-container\">\n\n<div class=\"wp-block-group has-theme-white-color has-theme-grey-background-color has-text-color has-background is-layout-flow wp-block-group-is-layout-flow\" style=\"padding-top:0px;padding-right:0px;padding-bottom:0px;padding-left:0px\">\n<div class=\"wp-block-cover is-light has-custom-content-position is-position-bottom-left\"><img decoding=\"async\" width=\"700\" height=\"900\" class=\"wp-block-cover__image-background wp-image-1767 lazyload\" alt=\"\" data-src=\"https:\/\/www.ecolodges-des-3-lacs.com\/wp-content\/uploads\/apiland-01.jpg\" data-object-fit=\"cover\" data-srcset=\"https:\/\/www.ecolodges-des-3-lacs.com\/wp-content\/uploads\/\/apiland-01.jpg 700w, https:\/\/www.ecolodges-des-3-lacs.com\/wp-content\/uploads\/\/apiland-01-398x512.jpg 398w, https:\/\/www.ecolodges-des-3-lacs.com\/wp-content\/uploads\/\/apiland-01-199x256.jpg 199w\" data-sizes=\"(max-width: 700px) 100vw, 700px\" src=\"data:image\/svg+xml;base64,PHN2ZyB3aWR0aD0iMSIgaGVpZ2h0PSIxIiB4bWxucz0iaHR0cDovL3d3dy53My5vcmcvMjAwMC9zdmciPjwvc3ZnPg==\" style=\"--smush-placeholder-width: 700px; --smush-placeholder-aspect-ratio: 700\/900;\" \/><span aria-hidden=\"true\" class=\"wp-block-cover__background has-background-dim-0 has-background-dim\"><\/span><div class=\"wp-block-cover__inner-container is-layout-constrained wp-block-cover-is-layout-constrained\">\n<h3 class=\"wp-block-heading has-text-align-left\">Apiland en Parc Animalier<\/h3>\n\n\n\n<div class=\"wp-block-group onhover is-layout-constrained wp-block-group-is-layout-constrained\">\n<p class=\"has-theme-white-color has-text-color has-link-color wp-elements-b4711810b6c0a3d163484061c3c43808\">Entdecken Sie die Magie der Natur bei <a href=\"https:\/\/www.apiland.com\/\">Apiland<\/a> und <a href=\"https:\/\/www.parcanimalierdeserreponcon.com\/index.html\">Parc Animalier<\/a>! Bei Apiland lernen Erwachsene und Kinder, wie sie sich um Bienen k\u00fcmmern k\u00f6nnen, w\u00e4hrend sie k\u00f6stliche Honigprodukte genie\u00dfen. Im Parc animalier steht die F\u00fcrsorge f\u00fcr Tiere im Mittelpunkt, mit besonderem Augenmerk auf ihre nat\u00fcrliche Umgebung. Ein fantastischer Ausflug f\u00fcr die ganze Familie und eine Gelegenheit, die Verbindung zur Natur zu st\u00e4rken. Kommen Sie und erleben Sie es selbst!<\/p>\n<\/div>\n<\/div><\/div>\n<\/div>\n\n\n\n<div class=\"wp-block-group has-theme-white-color has-theme-grey-background-color has-text-color has-background is-layout-flow wp-block-group-is-layout-flow\" style=\"padding-top:0px;padding-right:0px;padding-bottom:0px;padding-left:0px\">\n<div class=\"wp-block-cover is-light has-custom-content-position is-position-bottom-left\"><img decoding=\"async\" width=\"2560\" height=\"1707\" class=\"wp-block-cover__image-background wp-image-1785 lazyload\" alt=\"\" data-src=\"https:\/\/www.ecolodges-des-3-lacs.com\/wp-content\/uploads\/eau-vive-passion-3-scaled.jpg\" data-object-fit=\"cover\" data-srcset=\"https:\/\/www.ecolodges-des-3-lacs.com\/wp-content\/uploads\/\/eau-vive-passion-3-scaled.jpg 2560w, https:\/\/www.ecolodges-des-3-lacs.com\/wp-content\/uploads\/\/eau-vive-passion-3-1024x683.jpg 1024w, https:\/\/www.ecolodges-des-3-lacs.com\/wp-content\/uploads\/\/eau-vive-passion-3-2048x1365.jpg 2048w, https:\/\/www.ecolodges-des-3-lacs.com\/wp-content\/uploads\/\/eau-vive-passion-3-768x512.jpg 768w, https:\/\/www.ecolodges-des-3-lacs.com\/wp-content\/uploads\/\/eau-vive-passion-3-1536x1024.jpg 1536w, https:\/\/www.ecolodges-des-3-lacs.com\/wp-content\/uploads\/\/eau-vive-passion-3-512x341.jpg 512w, https:\/\/www.ecolodges-des-3-lacs.com\/wp-content\/uploads\/\/eau-vive-passion-3-256x171.jpg 256w\" data-sizes=\"(max-width: 2560px) 100vw, 2560px\" src=\"data:image\/svg+xml;base64,PHN2ZyB3aWR0aD0iMSIgaGVpZ2h0PSIxIiB4bWxucz0iaHR0cDovL3d3dy53My5vcmcvMjAwMC9zdmciPjwvc3ZnPg==\" style=\"--smush-placeholder-width: 2560px; --smush-placeholder-aspect-ratio: 2560\/1707;\" \/><span aria-hidden=\"true\" class=\"wp-block-cover__background has-background-dim-0 has-background-dim\"><\/span><div class=\"wp-block-cover__inner-container is-layout-constrained wp-block-cover-is-layout-constrained\">\n<h3 class=\"wp-block-heading has-text-align-left\">Eau Vive Passion<\/h3>\n\n\n\n<div class=\"wp-block-group onhover is-layout-constrained wp-block-group-is-layout-constrained\">\n<p>Bereit f\u00fcr ein Abenteuer mit <a href=\"https:\/\/www.eauvivepassion.fr\/\" target=\"_blank\" rel=\"noreferrer noopener\">Eau Vive Passion<\/a>? Entdecken Sie die verschiedenen M\u00f6glichkeiten, sich in unserer atemberaubenden Umgebung mit verschiedenen Wildwassersportarten wie Kanufahren, Rafting, Hydrospeed und mehr herauszufordern. W\u00e4hlen Sie schnell Ihr sportliches Wasserabenteuer und erkunden Sie die Umgebung vom Wasser aus. Und wenn Sie wirklich neue H\u00f6hen erreichen m\u00f6chten, fordern Sie sich mit einer aufregenden Klettertour heraus!<\/p>\n<\/div>\n<\/div><\/div>\n<\/div>\n\n\n\n<div class=\"wp-block-group has-theme-white-color has-theme-grey-background-color has-text-color has-background is-layout-flow wp-block-group-is-layout-flow\" style=\"padding-top:0px;padding-right:0px;padding-bottom:0px;padding-left:0px\">\n<div class=\"wp-block-cover is-light has-custom-content-position is-position-bottom-left\"><img decoding=\"async\" width=\"700\" height=\"900\" class=\"wp-block-cover__image-background wp-image-1769 lazyload\" alt=\"\" data-src=\"https:\/\/www.ecolodges-des-3-lacs.com\/wp-content\/uploads\/karting-01.jpg\" data-object-fit=\"cover\" data-srcset=\"https:\/\/www.ecolodges-des-3-lacs.com\/wp-content\/uploads\/\/karting-01.jpg 700w, https:\/\/www.ecolodges-des-3-lacs.com\/wp-content\/uploads\/\/karting-01-398x512.jpg 398w, https:\/\/www.ecolodges-des-3-lacs.com\/wp-content\/uploads\/\/karting-01-199x256.jpg 199w\" data-sizes=\"(max-width: 700px) 100vw, 700px\" src=\"data:image\/svg+xml;base64,PHN2ZyB3aWR0aD0iMSIgaGVpZ2h0PSIxIiB4bWxucz0iaHR0cDovL3d3dy53My5vcmcvMjAwMC9zdmciPjwvc3ZnPg==\" style=\"--smush-placeholder-width: 700px; --smush-placeholder-aspect-ratio: 700\/900;\" \/><span aria-hidden=\"true\" class=\"wp-block-cover__background has-background-dim-0 has-background-dim\"><\/span><div class=\"wp-block-cover__inner-container is-layout-constrained wp-block-cover-is-layout-constrained\">\n<h3 class=\"wp-block-heading has-text-align-left\">Karting<\/h3>\n\n\n\n<div class=\"wp-block-group onhover is-layout-constrained wp-block-group-is-layout-constrained\">\n<p>Nur sieben Minuten zu Fu\u00df von unserem Campingplatz entfernt&#8230; und keine L\u00e4rmbel\u00e4stigung auf dem Campingplatz! Entdecken Sie eine aufregende Strecke und erleben Sie das Rennfahrerlebnis wie ein echter Michael Schumacher auf der <a href=\"https:\/\/karting3lacs.fr\/\" target=\"_blank\" rel=\"noreferrer noopener\">Kartbahn<\/a>.<\/p>\n<\/div>\n<\/div><\/div>\n<\/div>\n\n\n\n<div class=\"wp-block-group has-theme-white-color has-theme-grey-background-color has-text-color has-background is-layout-flow wp-block-group-is-layout-flow\" style=\"padding-top:0px;padding-right:0px;padding-bottom:0px;padding-left:0px\">\n<div class=\"wp-block-cover has-custom-content-position is-position-bottom-left\"><img decoding=\"async\" width=\"700\" height=\"900\" class=\"wp-block-cover__image-background wp-image-1770 lazyload\" alt=\"\" data-src=\"https:\/\/www.ecolodges-des-3-lacs.com\/wp-content\/uploads\/ski-nautique-01.jpg\" data-object-fit=\"cover\" data-srcset=\"https:\/\/www.ecolodges-des-3-lacs.com\/wp-content\/uploads\/\/ski-nautique-01.jpg 700w, https:\/\/www.ecolodges-des-3-lacs.com\/wp-content\/uploads\/\/ski-nautique-01-398x512.jpg 398w, https:\/\/www.ecolodges-des-3-lacs.com\/wp-content\/uploads\/\/ski-nautique-01-199x256.jpg 199w\" data-sizes=\"(max-width: 700px) 100vw, 700px\" src=\"data:image\/svg+xml;base64,PHN2ZyB3aWR0aD0iMSIgaGVpZ2h0PSIxIiB4bWxucz0iaHR0cDovL3d3dy53My5vcmcvMjAwMC9zdmciPjwvc3ZnPg==\" style=\"--smush-placeholder-width: 700px; --smush-placeholder-aspect-ratio: 700\/900;\" \/><span aria-hidden=\"true\" class=\"wp-block-cover__background has-background-dim-0 has-background-dim\"><\/span><div class=\"wp-block-cover__inner-container is-layout-constrained wp-block-cover-is-layout-constrained\">\n<h3 class=\"wp-block-heading has-text-align-left\">Ski nautique<\/h3>\n\n\n\n<div class=\"wp-block-group onhover is-layout-constrained wp-block-group-is-layout-constrained\">\n<p>Nur einen Steinwurf von unserem Campingplatz entfernt bietet <a href=\"https:\/\/www.authenticwakepark.com\/\" target=\"_blank\" rel=\"noreferrer noopener\">Authentic Wakepark<\/a> das ultimative Wasserski- und Wakeboarderlebnis. Mit Rampen verschiedener Schwierigkeitsgrade und der bereitgestellten Ausr\u00fcstung ist eine unvergessliche Zeit garantiert!<\/p>\n<\/div>\n<\/div><\/div>\n<\/div>\n\n\n\n<div class=\"wp-block-group has-theme-white-color has-theme-grey-background-color has-text-color has-background is-layout-flow wp-block-group-is-layout-flow\" style=\"padding-top:0px;padding-right:0px;padding-bottom:0px;padding-left:0px\">\n<div class=\"wp-block-cover is-light has-custom-content-position is-position-bottom-left\"><img decoding=\"async\" width=\"1500\" height=\"1000\" class=\"wp-block-cover__image-background wp-image-1786 lazyload\" alt=\"\" data-src=\"https:\/\/www.ecolodges-des-3-lacs.com\/wp-content\/uploads\/sports-aeriens-les-ecolodges-des-3-lacs-3.jpg\" style=\"--smush-placeholder-width: 1500px; --smush-placeholder-aspect-ratio: 1500\/1000;object-position:50% 13%\" data-object-fit=\"cover\" data-object-position=\"50% 13%\" data-srcset=\"https:\/\/www.ecolodges-des-3-lacs.com\/wp-content\/uploads\/\/sports-aeriens-les-ecolodges-des-3-lacs-3.jpg 1500w, https:\/\/www.ecolodges-des-3-lacs.com\/wp-content\/uploads\/\/sports-aeriens-les-ecolodges-des-3-lacs-3-1024x683.jpg 1024w, https:\/\/www.ecolodges-des-3-lacs.com\/wp-content\/uploads\/\/sports-aeriens-les-ecolodges-des-3-lacs-3-768x512.jpg 768w, https:\/\/www.ecolodges-des-3-lacs.com\/wp-content\/uploads\/\/sports-aeriens-les-ecolodges-des-3-lacs-3-512x341.jpg 512w, https:\/\/www.ecolodges-des-3-lacs.com\/wp-content\/uploads\/\/sports-aeriens-les-ecolodges-des-3-lacs-3-256x171.jpg 256w\" data-sizes=\"(max-width: 1500px) 100vw, 1500px\" src=\"data:image\/svg+xml;base64,PHN2ZyB3aWR0aD0iMSIgaGVpZ2h0PSIxIiB4bWxucz0iaHR0cDovL3d3dy53My5vcmcvMjAwMC9zdmciPjwvc3ZnPg==\" \/><span aria-hidden=\"true\" class=\"wp-block-cover__background has-background-dim-0 has-background-dim\"><\/span><div class=\"wp-block-cover__inner-container is-layout-constrained wp-block-cover-is-layout-constrained\">\n<h3 class=\"wp-block-heading has-text-align-left\">Luftsportarten<\/h3>\n\n\n\n<div class=\"wp-block-group onhover is-layout-constrained wp-block-group-is-layout-constrained\">\n<p>Erweitere deine Grenzen&#8230;<\/p>\n\n\n\n<p>Das Sportzentrum <a href=\"https:\/\/www.paradrenalin.fr\/\" target=\"_blank\" rel=\"noreferrer noopener\">Paradrenalin<\/a> bietet eine Vielzahl von Luftsportaktivit\u00e4ten und befindet sich an einem der sch\u00f6nsten Orte Frankreichs. Erlebe Fallschirmspringen in Tallard, Luftakrobatik und viele weitere aufregende Aktivit\u00e4ten!<\/p>\n<\/div>\n<\/div><\/div>\n<\/div>\n\n<\/div>        <\/div>\n    <\/div>\n<\/div>\n    <script>\n        'use strict';\n\n        document.addEventListener('DOMContentLoaded', function () {\n\n            (function() {\n                const blockSlide = new Splide( '#block_slide_7780', {\n                    type : 'loop',\n                    perPage: 2,\n                    perMove: 1,\n                                        \n                    breakpoints: {\n                        800: {\n                            perPage: 1,\n                                                    },\n                        450: {\n                            perPage: 1,\n                            \n                        },\n                    },\n                    autoplay: true,\n                    pagination: false,\n                    arrows: true,\n                    gap: 'var(--wp--style--block-gap)',\n                    i18n: {\n                        slideLabel: '%s\/%s',\n                    }\n                } );\n                \n                blockSlide.mount();\n                                            })();\n        })\n    <\/script>\n<\/div>\n<\/div>\n\n\n\n<div class=\"wp-block-columns alignfull are-vertically-aligned-center r animation--init--once animation--right is-layout-flex wp-container-core-columns-is-layout-28f84493 wp-block-columns-is-layout-flex\">\n<div class=\"wp-block-column is-vertically-aligned-center slider-info is-layout-flow wp-block-column-is-layout-flow\" style=\"flex-basis:38%\">\n<h2 class=\"wp-block-heading\"><strong>NATURST\u00c4TTEN<\/strong> <br>UND DENKM\u00c4LER<sub>Natur und Kultur<\/sub><\/h2>\n\n\n\n<p>Lassen Sie sich von unserer atemberaubenden Umgebung verzaubern. Egal, ob Sie sich f\u00fcr anspruchsvolle Bergwanderungen entscheiden oder lieber gem\u00fctlich die Weine unserer Region erkunden, f\u00fcr jeden ist etwas dabei. Und wenn Sie noch mehr Inspiration ben\u00f6tigen, stehen wir an der Rezeption bereit, um Ihnen zu helfen.<\/p>\n<\/div>\n\n\n\n<div class=\"wp-block-column is-vertically-aligned-center le-slider is-layout-flow wp-block-column-is-layout-flow\">\n<div class=\"wp-block-slider\">\n    <div class=\"block-slider-splide splide\" id=\"block_slide_3363\">\n        <div class=\"splide__track\">\n                <div class=\"acf-innerblocks-container\">\n\n<div class=\"wp-block-group has-theme-white-color has-theme-grey-background-color has-text-color has-background is-layout-flow wp-block-group-is-layout-flow\" style=\"padding-top:0px;padding-right:0px;padding-bottom:0px;padding-left:0px\">\n<div class=\"wp-block-cover has-custom-content-position is-position-bottom-left\"><img decoding=\"async\" width=\"700\" height=\"900\" class=\"wp-block-cover__image-background wp-image-1776 lazyload\" alt=\"\" data-src=\"https:\/\/www.ecolodges-des-3-lacs.com\/wp-content\/uploads\/3-lacs-restaurant-01.jpg\" data-object-fit=\"cover\" data-srcset=\"https:\/\/www.ecolodges-des-3-lacs.com\/wp-content\/uploads\/\/3-lacs-restaurant-01.jpg 700w, https:\/\/www.ecolodges-des-3-lacs.com\/wp-content\/uploads\/\/3-lacs-restaurant-01-398x512.jpg 398w, https:\/\/www.ecolodges-des-3-lacs.com\/wp-content\/uploads\/\/3-lacs-restaurant-01-199x256.jpg 199w\" data-sizes=\"(max-width: 700px) 100vw, 700px\" src=\"data:image\/svg+xml;base64,PHN2ZyB3aWR0aD0iMSIgaGVpZ2h0PSIxIiB4bWxucz0iaHR0cDovL3d3dy53My5vcmcvMjAwMC9zdmciPjwvc3ZnPg==\" style=\"--smush-placeholder-width: 700px; --smush-placeholder-aspect-ratio: 700\/900;\" \/><span aria-hidden=\"true\" class=\"wp-block-cover__background has-background-dim-0 has-background-dim\"><\/span><div class=\"wp-block-cover__inner-container is-layout-constrained wp-block-cover-is-layout-constrained\">\n<h3 class=\"wp-block-heading has-text-align-left\">Die 3 Seen<\/h3>\n\n\n\n<div class=\"wp-block-group onhover is-layout-constrained wp-block-group-is-layout-constrained\">\n<p>Spazieren Sie vom Campingplatz aus und in nur drei Minuten stehen Sie am bezaubernden Kieselstrand unserer drei wundersch\u00f6nen Seen. Mit nur einem Fingertipp auf Ihren Zugangsausweis k\u00f6nnen Sie dieses Naturparadies sofort genie\u00dfen.<\/p>\n\n\n\n<p>Genie\u00dfen Sie erfrischende Tauchg\u00e4nge im kristallklaren Wasser oder schlendern Sie entlang des Damms, der die Seen von der malerischen Durance trennt. Hier finden Sie die perfekte Balance zwischen Entspannung und Abenteuer, direkt vor der T\u00fcr des Campingplatzes.<\/p>\n\n\n\n<p>Genie\u00dfen Sie zwischendurch oder nach Ihren Abenteuern auf den drei Seen ein erfrischendes Getr\u00e4nk oder eine Mahlzeit im <a href=\"https:\/\/www.facebook.com\/p\/Bar-Du-pont-100057181281391\/\" target=\"_blank\" rel=\"noreferrer noopener\">Bar du Pont<\/a> oder im Restaurant <a href=\"https:\/\/www.facebook.com\/o3lacs\/\" target=\"_blank\" rel=\"noreferrer noopener\">\u00d4 3 Lacs<\/a>, oder an unserem Imbissstand am See auf dem Campingplatz.&#8220;<\/p>\n<\/div>\n<\/div><\/div>\n<\/div>\n\n\n\n<div class=\"wp-block-group has-theme-white-color has-theme-grey-background-color has-text-color has-background is-layout-flow wp-block-group-is-layout-flow\" style=\"padding-top:0px;padding-right:0px;padding-bottom:0px;padding-left:0px\">\n<div class=\"wp-block-cover has-custom-content-position is-position-bottom-left\"><img decoding=\"async\" width=\"700\" height=\"900\" class=\"wp-block-cover__image-background wp-image-1781 lazyload\" alt=\"\" data-src=\"https:\/\/www.ecolodges-des-3-lacs.com\/wp-content\/uploads\/museoscope-01.jpg\" data-object-fit=\"cover\" data-srcset=\"https:\/\/www.ecolodges-des-3-lacs.com\/wp-content\/uploads\/\/museoscope-01.jpg 700w, https:\/\/www.ecolodges-des-3-lacs.com\/wp-content\/uploads\/\/museoscope-01-398x512.jpg 398w, https:\/\/www.ecolodges-des-3-lacs.com\/wp-content\/uploads\/\/museoscope-01-199x256.jpg 199w\" data-sizes=\"(max-width: 700px) 100vw, 700px\" src=\"data:image\/svg+xml;base64,PHN2ZyB3aWR0aD0iMSIgaGVpZ2h0PSIxIiB4bWxucz0iaHR0cDovL3d3dy53My5vcmcvMjAwMC9zdmciPjwvc3ZnPg==\" style=\"--smush-placeholder-width: 700px; --smush-placeholder-aspect-ratio: 700\/900;\" \/><span aria-hidden=\"true\" class=\"wp-block-cover__background has-background-dim-0 has-background-dim\"><\/span><div class=\"wp-block-cover__inner-container is-layout-constrained wp-block-cover-is-layout-constrained\">\n<h3 class=\"wp-block-heading has-text-align-left\">Mus\u00e9oscope<\/h3>\n\n\n\n<div class=\"wp-block-group onhover is-layout-constrained wp-block-group-is-layout-constrained\">\n<div class=\"wp-block-group alignfull is-vertical is-layout-flex wp-container-core-group-is-layout-fe9cc265 wp-block-group-is-layout-flex\">\n<p>Entdecke alles \u00fcber den gr\u00f6\u00dften Erddamm Europas im <a href=\"http:\/\/www.museoscope-du-lac.com\/fr\/\" target=\"_blank\" rel=\"noreferrer noopener\">Mus\u00e9oscope<\/a>.<\/p>\n\n\n\n<p>Tauche ein in die Geschichte des Baus des Serre Pon\u00e7on-Damms und der \u00fcberfluteten D\u00f6rfer im Mus\u00e9oscope. Freizeit und Kultur kommen hier in einem fesselnden Raum zusammen.<\/p>\n\n\n\n<p>Erlebe zum Beispiel die Herausforderung des Adlers \u00fcber der Durance in einem aufregenden 4D- und 5D-Saal.<\/p>\n\n\n\n<p>Und w\u00e4hrend du schon am See von Serre Pon\u00e7on bist, warum nicht einen der Str\u00e4nde erkunden, einen Spaziergang zwischen den Kiefern machen oder ein erfrischendes Bad nehmen? An der Rezeption der Les Ecolodges des 3 Lacs findest du viele Informationen \u00fcber Aktivit\u00e4ten an diesem wundersch\u00f6nen See.<\/p>\n\n\n\n<p>Nach deinem Abenteuer im Mus\u00e9oscope kannst du deinen Hunger im <a href=\"https:\/\/aupanorama-serre-poncon.fr\/\" target=\"_blank\" rel=\"noreferrer noopener\">Restaurant Au Panorama Serre Pon\u00e7on<\/a> stillen. Hier findest du auch lustige Souvenirs f\u00fcr die Daheimgebliebenen.<\/p>\n<\/div>\n<\/div>\n<\/div><\/div>\n<\/div>\n\n\n\n<div class=\"wp-block-group has-theme-white-color has-theme-grey-background-color has-text-color has-background is-layout-flow wp-block-group-is-layout-flow\" style=\"padding-top:0px;padding-right:0px;padding-bottom:0px;padding-left:0px\">\n<div class=\"wp-block-cover has-custom-content-position is-position-bottom-left\"><img decoding=\"async\" width=\"700\" height=\"900\" class=\"wp-block-cover__image-background wp-image-1777 lazyload\" alt=\"\" data-src=\"https:\/\/www.ecolodges-des-3-lacs.com\/wp-content\/uploads\/randonnee-cheval-01.jpg\" data-object-fit=\"cover\" data-srcset=\"https:\/\/www.ecolodges-des-3-lacs.com\/wp-content\/uploads\/\/randonnee-cheval-01.jpg 700w, https:\/\/www.ecolodges-des-3-lacs.com\/wp-content\/uploads\/\/randonnee-cheval-01-398x512.jpg 398w, https:\/\/www.ecolodges-des-3-lacs.com\/wp-content\/uploads\/\/randonnee-cheval-01-199x256.jpg 199w\" data-sizes=\"(max-width: 700px) 100vw, 700px\" src=\"data:image\/svg+xml;base64,PHN2ZyB3aWR0aD0iMSIgaGVpZ2h0PSIxIiB4bWxucz0iaHR0cDovL3d3dy53My5vcmcvMjAwMC9zdmciPjwvc3ZnPg==\" style=\"--smush-placeholder-width: 700px; --smush-placeholder-aspect-ratio: 700\/900;\" \/><span aria-hidden=\"true\" class=\"wp-block-cover__background has-background-dim-0 has-background-dim\"><\/span><div class=\"wp-block-cover__inner-container is-layout-constrained wp-block-cover-is-layout-constrained\">\n<h3 class=\"wp-block-heading has-text-align-left\">Pferdetrekking<\/h3>\n\n\n\n<div class=\"wp-block-group onhover is-layout-constrained wp-block-group-is-layout-constrained\">\n<p>Machen Sie einen Ausritt mit \u00c9curie les Pies du Sud, nur zw\u00f6lf Minuten zu Fu\u00df vom Campingplatz entfernt. Um zu buchen, rufen Sie 0033-6-60 59 14 14 an.<\/p>\n\n\n\n<p>Hier dreht sich alles um die Leidenschaft f\u00fcr Pferde: eine Vielzahl von Aktivit\u00e4ten und hochwertige Einrichtungen! Eingebettet in eine nat\u00fcrliche Umgebung in der N\u00e4he von La Durance und den 3 Seen, bietet \u00c9curie les Pies du Sud ein unvergleichliches Erlebnis. Mit ihren zahlreichen Pferden und Ponys bieten sie Ausritte, Trekkingtouren, Equicoaching und Reitunterhaltung.<\/p>\n<\/div>\n<\/div><\/div>\n<\/div>\n\n\n\n<div class=\"wp-block-group has-theme-white-color has-theme-grey-background-color has-text-color has-background is-layout-flow wp-block-group-is-layout-flow\" style=\"padding-top:0px;padding-right:0px;padding-bottom:0px;padding-left:0px\">\n<div class=\"wp-block-cover has-custom-content-position is-position-bottom-left\"><img decoding=\"async\" width=\"700\" height=\"900\" class=\"wp-block-cover__image-background wp-image-1778 lazyload\" alt=\"\" data-src=\"https:\/\/www.ecolodges-des-3-lacs.com\/wp-content\/uploads\/randonnee-montagne-01.jpg\" data-object-fit=\"cover\" data-srcset=\"https:\/\/www.ecolodges-des-3-lacs.com\/wp-content\/uploads\/\/randonnee-montagne-01.jpg 700w, https:\/\/www.ecolodges-des-3-lacs.com\/wp-content\/uploads\/\/randonnee-montagne-01-398x512.jpg 398w, https:\/\/www.ecolodges-des-3-lacs.com\/wp-content\/uploads\/\/randonnee-montagne-01-199x256.jpg 199w\" data-sizes=\"(max-width: 700px) 100vw, 700px\" src=\"data:image\/svg+xml;base64,PHN2ZyB3aWR0aD0iMSIgaGVpZ2h0PSIxIiB4bWxucz0iaHR0cDovL3d3dy53My5vcmcvMjAwMC9zdmciPjwvc3ZnPg==\" style=\"--smush-placeholder-width: 700px; --smush-placeholder-aspect-ratio: 700\/900;\" \/><span aria-hidden=\"true\" class=\"wp-block-cover__background has-background-dim-0 has-background-dim\"><\/span><div class=\"wp-block-cover__inner-container is-layout-constrained wp-block-cover-is-layout-constrained\">\n<h3 class=\"wp-block-heading has-text-align-left\">Gehen, Radfahren, Laufen&#8230;<\/h3>\n\n\n\n<div class=\"wp-block-group onhover is-layout-constrained wp-block-group-is-layout-constrained\">\n<p>Wie bereits auf unserer Website erw\u00e4hnt, haben wir uns sofort in diesen Ort verliebt, wegen seiner atemberaubenden Natur, die sich perfekt eignet, um die Berge zu erkunden, sei es mit dem Fahrrad, zu Fu\u00df oder sogar beim Laufen. Wir stehen an der Rezeption bereit, um Ihnen alle notwendigen Informationen zur Planung Ihres Abenteuers zur Verf\u00fcgung zu stellen. Als Vorschlag k\u00f6nnten Sie in Betracht ziehen, Fahrr\u00e4der mit optionaler Begleitung bei <a href=\"https:\/\/www.e-pedal.fr\/fr\/\" target=\"_blank\" rel=\"noreferrer noopener\">e-pedal05<\/a> zu mieten.<\/p>\n<\/div>\n<\/div><\/div>\n<\/div>\n\n\n\n<div class=\"wp-block-group has-theme-white-color has-theme-grey-background-color has-text-color has-background is-layout-flow wp-block-group-is-layout-flow\" style=\"padding-top:0px;padding-right:0px;padding-bottom:0px;padding-left:0px\">\n<div class=\"wp-block-cover is-light has-custom-content-position is-position-bottom-left\"><img decoding=\"async\" width=\"700\" height=\"900\" class=\"wp-block-cover__image-background wp-image-1779 lazyload\" alt=\"\" data-src=\"https:\/\/www.ecolodges-des-3-lacs.com\/wp-content\/uploads\/remollon-01.jpg\" data-object-fit=\"cover\" data-srcset=\"https:\/\/www.ecolodges-des-3-lacs.com\/wp-content\/uploads\/\/remollon-01.jpg 700w, https:\/\/www.ecolodges-des-3-lacs.com\/wp-content\/uploads\/\/remollon-01-398x512.jpg 398w, https:\/\/www.ecolodges-des-3-lacs.com\/wp-content\/uploads\/\/remollon-01-199x256.jpg 199w\" data-sizes=\"(max-width: 700px) 100vw, 700px\" src=\"data:image\/svg+xml;base64,PHN2ZyB3aWR0aD0iMSIgaGVpZ2h0PSIxIiB4bWxucz0iaHR0cDovL3d3dy53My5vcmcvMjAwMC9zdmciPjwvc3ZnPg==\" style=\"--smush-placeholder-width: 700px; --smush-placeholder-aspect-ratio: 700\/900;\" \/><span aria-hidden=\"true\" class=\"wp-block-cover__background has-background-dim-0 has-background-dim\"><\/span><div class=\"wp-block-cover__inner-container is-layout-constrained wp-block-cover-is-layout-constrained\">\n<h3 class=\"wp-block-heading has-text-align-left\">Remollon<\/h3>\n\n\n\n<div class=\"wp-block-group onhover is-layout-constrained wp-block-group-is-layout-constrained\">\n<p><a href=\"https:\/\/www.remollon.fr\/decouvrir-le-village\/patrimoine\/les-cascades-petrifiantes\/\" target=\"_blank\" rel=\"noreferrer noopener\">Versteinerte Wasserf\u00e4lle in Remollon<\/a><\/p>\n\n\n\n<p>Direkt au\u00dferhalb des Viertels des \u00c9cluse-Tores, unter der Stra\u00dfe RD900b, flie\u00dft eine betr\u00e4chtliche Menge Wasser von einer wichtigen Quelle den H\u00fcgel hinunter durch einen offenen Kanal, \u00fcberquert die Stra\u00dfe und erreicht den Moulin, wo es einst eine Getreidem\u00fchle antrieb. Dort bildet es einen hohen Wasserfall, wo der h\u00f6lzerne Kanal, der zur M\u00fchle f\u00fchrte, verschwunden ist. Auf jeden Fall einen Besuch wert, auch wenn es schnell gesehen ist! Deshalb passt es gut zu einem Besuch&#8230;<\/p>\n\n\n\n<p><a href=\"https:\/\/www.remollon.fr\/maison-du-vigneron\/\" target=\"_blank\" rel=\"noreferrer noopener\">Im Winzerhaus in Remollon<\/a>, 10 Minuten von unserem Campingplatz entfernt.<\/p>\n\n\n\n<p>Der Verkostungs- und Verkaufsraum, in dem Sie Weinprodukte aus den Hohen Alpen probieren und kaufen k\u00f6nnen, die Produktionsdom\u00e4nen erkunden und einige sch\u00f6ne Souvenirs w\u00e4hrend eines k\u00f6stlichen \u00f6nologischen Erlebnisses in der Boutique des Winzers ausw\u00e4hlen k\u00f6nnen.<\/p>\n\n\n\n<p>Und schlie\u00dflich genie\u00dfen Sie eine k\u00f6stliche Mahlzeit im:<\/p>\n\n\n\n<p><a href=\"https:\/\/www.serreponconvallees.com\/deguster\/restauration\/restaurants-bars\/restaurant-snack-bar-3-alpes\" target=\"_blank\" rel=\"noreferrer noopener\">Restaurant-Snack-Bar Les 3 Alpes<\/a> in Remollon.<\/p>\n<\/div>\n<\/div><\/div>\n<\/div>\n\n\n\n<div class=\"wp-block-group has-theme-white-color has-theme-grey-background-color has-text-color has-background is-layout-flow wp-block-group-is-layout-flow\" style=\"padding-top:0px;padding-right:0px;padding-bottom:0px;padding-left:0px\">\n<div class=\"wp-block-cover has-custom-content-position is-position-bottom-left\"><img decoding=\"async\" width=\"700\" height=\"900\" class=\"wp-block-cover__image-background wp-image-1780 lazyload\" alt=\"\" data-src=\"https:\/\/www.ecolodges-des-3-lacs.com\/wp-content\/uploads\/theus-mont-colombis-01.jpg\" data-object-fit=\"cover\" data-srcset=\"https:\/\/www.ecolodges-des-3-lacs.com\/wp-content\/uploads\/\/theus-mont-colombis-01.jpg 700w, https:\/\/www.ecolodges-des-3-lacs.com\/wp-content\/uploads\/\/theus-mont-colombis-01-398x512.jpg 398w, https:\/\/www.ecolodges-des-3-lacs.com\/wp-content\/uploads\/\/theus-mont-colombis-01-199x256.jpg 199w\" data-sizes=\"(max-width: 700px) 100vw, 700px\" src=\"data:image\/svg+xml;base64,PHN2ZyB3aWR0aD0iMSIgaGVpZ2h0PSIxIiB4bWxucz0iaHR0cDovL3d3dy53My5vcmcvMjAwMC9zdmciPjwvc3ZnPg==\" style=\"--smush-placeholder-width: 700px; --smush-placeholder-aspect-ratio: 700\/900;\" \/><span aria-hidden=\"true\" class=\"wp-block-cover__background has-background-dim-0 has-background-dim\"><\/span><div class=\"wp-block-cover__inner-container is-layout-constrained wp-block-cover-is-layout-constrained\">\n<h3 class=\"wp-block-heading has-text-align-left\">Th\u00e9us<\/h3>\n\n\n\n<div class=\"wp-block-group onhover is-layout-constrained wp-block-group-is-layout-constrained\">\n<p>Entdecken Sie den Berg Colombis \u00fcber Th\u00e9us mit dem Auto oder zu Fu\u00df, beim Laufen oder Radfahren \u00fcber einen anderen Weg. Die Reise dorthin ist bereits atemberaubend, aber wenn Sie erst einmal den Gipfel erreichen&#8230; Worte versagen angesichts des atemberaubenden Ausblicks, der sich Ihnen bietet.<\/p>\n\n\n\n<p>Auf dem Weg nach unten sollten Sie die Wasserf\u00e4lle und die beeindruckenden &#8218;Les Demoiselles coiff\u00e9es&#8216; nicht verpassen. Es ist eine fantastische Wanderung f\u00fcr Jung und Alt.<\/p>\n\n\n\n<p>Diskutieren Sie Ihre Eindr\u00fccke bei einem k\u00f6stlichen Essen mit saisonalen lokalen Gem\u00fcsesorten im <a href=\"https:\/\/www.facebook.com\/profile.php?id=100088419051887&amp;eav=AfbAhOX8ha8qMPqipeEloFeFjGBji1gRz0zfZA7DLFdBdMae57tZnUZXaUCwS_Y8QWA&amp;paipv=0&amp;_rdr\" target=\"_blank\" rel=\"noreferrer noopener\">Restaurant Balcon de Th\u00e9us<\/a>. (Besonders bei di\u00e4tetischen Anforderungen ist es ratsam, im Voraus zu buchen: 0033-6-02 14 45 01.)<\/p>\n<\/div>\n<\/div><\/div>\n<\/div>\n\n<\/div>        <\/div>\n    <\/div>\n<\/div>\n    <script>\n        'use strict';\n\n        document.addEventListener('DOMContentLoaded', function () {\n\n            (function() {\n                const blockSlide = new Splide( '#block_slide_3363', {\n                    type : 'loop',\n                    perPage: 2,\n                    perMove: 1,\n                                        \n                    breakpoints: {\n                        800: {\n                            perPage: 1,\n                                                    },\n                        450: {\n                            perPage: 1,\n                            \n                        },\n                    },\n                    autoplay: true,\n                    pagination: false,\n                    arrows: true,\n                    gap: 'var(--wp--style--block-gap)',\n                    i18n: {\n                        slideLabel: '%s\/%s',\n                    }\n                } );\n                \n                blockSlide.mount();\n                                            })();\n        })\n    <\/script>\n<\/div>\n<\/div>\n<\/div>\n\n\n\n<div class=\"wp-block-group alignfull locations-camping is-layout-constrained wp-block-group-is-layout-constrained\">\n<div class=\"wp-block-columns alignwide is-layout-flex wp-container-core-columns-is-layout-28f84493 wp-block-columns-is-layout-flex\">\n<div class=\"wp-block-column is-layout-flow wp-block-column-is-layout-flow\">\n<h2 class=\"wp-block-heading has-text-align-center\"><strong>BUCHEN SIE IHRE FERIENUNTERKUNFT <br><\/strong>AUF CAMPING LES ECOLODGES DES 3 LACS<\/h2>\n<\/div>\n<\/div>\n\n\n\n<div class=\"wp-block-columns is-layout-flex wp-container-core-columns-is-layout-28f84493 wp-block-columns-is-layout-flex\">\n<div class=\"wp-block-column is-layout-flow wp-block-column-is-layout-flow\">        <a href=\"https:\/\/www.ecolodges-des-3-lacs.com\/locations\/\"class=\"wp-block-custom-banner has-text-align-left\" target=\"_self\">\n        <div class=\"acf-innerblocks-container\">\n\n<div class=\"wp-block-cover is-light has-custom-content-position is-position-bottom-left\"><img decoding=\"async\" width=\"1024\" height=\"768\" class=\"wp-block-cover__image-background wp-image-1530 lazyload\" alt=\"\" data-src=\"https:\/\/www.ecolodges-des-3-lacs.com\/wp-content\/uploads\/mobilhome-01.jpg\" data-object-fit=\"cover\" data-srcset=\"https:\/\/www.ecolodges-des-3-lacs.com\/wp-content\/uploads\/\/mobilhome-01.jpg 1024w, https:\/\/www.ecolodges-des-3-lacs.com\/wp-content\/uploads\/\/mobilhome-01-768x576.jpg 768w, https:\/\/www.ecolodges-des-3-lacs.com\/wp-content\/uploads\/\/mobilhome-01-512x384.jpg 512w, https:\/\/www.ecolodges-des-3-lacs.com\/wp-content\/uploads\/\/mobilhome-01-256x192.jpg 256w\" data-sizes=\"(max-width: 1024px) 100vw, 1024px\" src=\"data:image\/svg+xml;base64,PHN2ZyB3aWR0aD0iMSIgaGVpZ2h0PSIxIiB4bWxucz0iaHR0cDovL3d3dy53My5vcmcvMjAwMC9zdmciPjwvc3ZnPg==\" style=\"--smush-placeholder-width: 1024px; --smush-placeholder-aspect-ratio: 1024\/768;\" \/><span aria-hidden=\"true\" class=\"wp-block-cover__background has-background-dim-0 has-background-dim\"><\/span><div class=\"wp-block-cover__inner-container is-layout-constrained wp-block-cover-is-layout-constrained\">\n<p class=\"has-text-align-center has-theme-white-color has-text-color has-link-color wp-elements-c3604be72281f7dc18e2c8c400064fc0\">Locations<\/p>\n<\/div><\/div>\n\n<\/div>\n        <\/a>\n<\/div>\n\n\n\n<div class=\"wp-block-column is-layout-flow wp-block-column-is-layout-flow\">        <a href=\"https:\/\/www.ecolodges-des-3-lacs.com\/emplacements-standard\/\"class=\"wp-block-custom-banner has-text-align-left\" target=\"_self\">\n        <div class=\"acf-innerblocks-container\">\n\n<div class=\"wp-block-cover has-custom-content-position is-position-bottom-left\"><img decoding=\"async\" width=\"1024\" height=\"768\" class=\"wp-block-cover__image-background wp-image-1494 lazyload\" alt=\"\" data-src=\"https:\/\/www.ecolodges-des-3-lacs.com\/wp-content\/uploads\/emplacements-01.jpg\" data-object-fit=\"cover\" data-srcset=\"https:\/\/www.ecolodges-des-3-lacs.com\/wp-content\/uploads\/\/emplacements-01.jpg 1024w, https:\/\/www.ecolodges-des-3-lacs.com\/wp-content\/uploads\/\/emplacements-01-768x576.jpg 768w, https:\/\/www.ecolodges-des-3-lacs.com\/wp-content\/uploads\/\/emplacements-01-512x384.jpg 512w, https:\/\/www.ecolodges-des-3-lacs.com\/wp-content\/uploads\/\/emplacements-01-256x192.jpg 256w\" data-sizes=\"(max-width: 1024px) 100vw, 1024px\" src=\"data:image\/svg+xml;base64,PHN2ZyB3aWR0aD0iMSIgaGVpZ2h0PSIxIiB4bWxucz0iaHR0cDovL3d3dy53My5vcmcvMjAwMC9zdmciPjwvc3ZnPg==\" style=\"--smush-placeholder-width: 1024px; --smush-placeholder-aspect-ratio: 1024\/768;\" \/><span aria-hidden=\"true\" class=\"wp-block-cover__background has-background-dim-0 has-background-dim\"><\/span><div class=\"wp-block-cover__inner-container is-layout-constrained wp-block-cover-is-layout-constrained\">\n<p class=\"has-text-align-center has-theme-white-color has-text-color has-link-color wp-elements-79f27fd1d647d36ffd947685260aad3b\">Emplacements<\/p>\n<\/div><\/div>\n\n<\/div>\n        <\/a>\n<\/div>\n<\/div>\n<\/div>\n","protected":false},"excerpt":{"rendered":"<p>SEHEN UND TUN IN DEN HOHEN ALPENcamping Les Ecolodges des 3 Lacs Ob Sie nach Entspannung oder Abenteuer suchen, erm\u00f6glicht Ihnen unser Campingplatz beides zu&#8230;<\/p>\n","protected":false},"author":3,"featured_media":0,"parent":0,"menu_order":5,"comment_status":"closed","ping_status":"closed","template":"","meta":{"_acf_changed":false,"inline_featured_image":false,"footnotes":""},"class_list":["post-1968","page","type-page","status-publish","hentry"],"acf":[],"yoast_head":"<!-- This site is optimized with the Yoast SEO plugin v26.6 - https:\/\/yoast.com\/wordpress\/plugins\/seo\/ -->\n<title>Die Region Hautes-Alpes - Camping Les Ecolodges des 3 Lacs<\/title>\n<meta name=\"description\" content=\"Verbringen Sie Ihren Urlaub in den Ecolodges des 3 Lacs und entdecken Sie die Hautes-Alpes und die Provence: Berge, Seen und D\u00f6rfer.\" \/>\n<meta name=\"robots\" content=\"index, follow, max-snippet:-1, max-image-preview:large, max-video-preview:-1\" \/>\n<link rel=\"canonical\" href=\"https:\/\/www.ecolodges-des-3-lacs.com\/de\/der-umgebung\/\" \/>\n<meta property=\"og:locale\" content=\"de_DE\" \/>\n<meta property=\"og:type\" content=\"article\" \/>\n<meta property=\"og:title\" content=\"Die Region Hautes-Alpes - Camping Les Ecolodges des 3 Lacs\" \/>\n<meta property=\"og:description\" content=\"Verbringen Sie Ihren Urlaub in den Ecolodges des 3 Lacs und entdecken Sie die Hautes-Alpes und die Provence: Berge, Seen und D\u00f6rfer.\" \/>\n<meta property=\"og:url\" content=\"https:\/\/www.ecolodges-des-3-lacs.com\/de\/der-umgebung\/\" \/>\n<meta property=\"og:site_name\" content=\"Ecolodges des 3 Lacs\" \/>\n<meta property=\"article:modified_time\" content=\"2026-02-23T14:14:55+00:00\" \/>\n<meta property=\"og:image\" content=\"https:\/\/www.ecolodges-des-3-lacs.com\/wp-content\/uploads\/region-top.jpg\" \/>\n\t<meta property=\"og:image:width\" content=\"1900\" \/>\n\t<meta property=\"og:image:height\" content=\"950\" \/>\n\t<meta property=\"og:image:type\" content=\"image\/jpeg\" \/>\n<meta name=\"twitter:card\" content=\"summary_large_image\" \/>\n<meta name=\"twitter:label1\" content=\"Gesch\u00e4tzte Lesezeit\" \/>\n\t<meta name=\"twitter:data1\" content=\"17\u00a0Minuten\" \/>\n<script type=\"application\/ld+json\" class=\"yoast-schema-graph\">{\"@context\":\"https:\/\/schema.org\",\"@graph\":[{\"@type\":\"WebPage\",\"@id\":\"https:\/\/www.ecolodges-des-3-lacs.com\/de\/der-umgebung\/\",\"url\":\"https:\/\/www.ecolodges-des-3-lacs.com\/de\/der-umgebung\/\",\"name\":\"Die Region Hautes-Alpes - Camping Les Ecolodges des 3 Lacs\",\"isPartOf\":{\"@id\":\"https:\/\/www.ecolodges-des-3-lacs.com\/#website\"},\"primaryImageOfPage\":{\"@id\":\"https:\/\/www.ecolodges-des-3-lacs.com\/de\/der-umgebung\/#primaryimage\"},\"image\":{\"@id\":\"https:\/\/www.ecolodges-des-3-lacs.com\/de\/der-umgebung\/#primaryimage\"},\"thumbnailUrl\":\"https:\/\/www.ecolodges-des-3-lacs.com\/wp-content\/uploads\/region-top.jpg\",\"datePublished\":\"2023-12-15T16:09:48+00:00\",\"dateModified\":\"2026-02-23T14:14:55+00:00\",\"description\":\"Verbringen Sie Ihren Urlaub in den Ecolodges des 3 Lacs und entdecken Sie die Hautes-Alpes und die Provence: Berge, Seen und D\u00f6rfer.\",\"breadcrumb\":{\"@id\":\"https:\/\/www.ecolodges-des-3-lacs.com\/de\/der-umgebung\/#breadcrumb\"},\"inLanguage\":\"de\",\"potentialAction\":[{\"@type\":\"ReadAction\",\"target\":[\"https:\/\/www.ecolodges-des-3-lacs.com\/de\/der-umgebung\/\"]}]},{\"@type\":\"ImageObject\",\"inLanguage\":\"de\",\"@id\":\"https:\/\/www.ecolodges-des-3-lacs.com\/de\/der-umgebung\/#primaryimage\",\"url\":\"https:\/\/www.ecolodges-des-3-lacs.com\/wp-content\/uploads\/region-top.jpg\",\"contentUrl\":\"https:\/\/www.ecolodges-des-3-lacs.com\/wp-content\/uploads\/region-top.jpg\"},{\"@type\":\"BreadcrumbList\",\"@id\":\"https:\/\/www.ecolodges-des-3-lacs.com\/de\/der-umgebung\/#breadcrumb\",\"itemListElement\":[{\"@type\":\"ListItem\",\"position\":1,\"name\":\"Portada\",\"item\":\"https:\/\/www.ecolodges-des-3-lacs.com\/de\/\"},{\"@type\":\"ListItem\",\"position\":2,\"name\":\"Der Umgebung\"}]},{\"@type\":\"WebSite\",\"@id\":\"https:\/\/www.ecolodges-des-3-lacs.com\/#website\",\"url\":\"https:\/\/www.ecolodges-des-3-lacs.com\/\",\"name\":\"Ecolodges des 3 Lacs\",\"description\":\"Bienvenue dans les Hautes Alpes\",\"publisher\":{\"@id\":\"https:\/\/www.ecolodges-des-3-lacs.com\/#organization\"},\"potentialAction\":[{\"@type\":\"SearchAction\",\"target\":{\"@type\":\"EntryPoint\",\"urlTemplate\":\"https:\/\/www.ecolodges-des-3-lacs.com\/?s={search_term_string}\"},\"query-input\":{\"@type\":\"PropertyValueSpecification\",\"valueRequired\":true,\"valueName\":\"search_term_string\"}}],\"inLanguage\":\"de\"},{\"@type\":\"Organization\",\"@id\":\"https:\/\/www.ecolodges-des-3-lacs.com\/#organization\",\"name\":\"Ecolodges des 3 Lacs\",\"url\":\"https:\/\/www.ecolodges-des-3-lacs.com\/\",\"logo\":{\"@type\":\"ImageObject\",\"inLanguage\":\"de\",\"@id\":\"https:\/\/www.ecolodges-des-3-lacs.com\/#\/schema\/logo\/image\/\",\"url\":\"https:\/\/www.ecolodges-des-3-lacs.com\/wp-content\/uploads\/logo-ecolodges.png\",\"contentUrl\":\"https:\/\/www.ecolodges-des-3-lacs.com\/wp-content\/uploads\/logo-ecolodges.png\",\"width\":200,\"height\":148,\"caption\":\"Ecolodges des 3 Lacs\"},\"image\":{\"@id\":\"https:\/\/www.ecolodges-des-3-lacs.com\/#\/schema\/logo\/image\/\"}}]}<\/script>\n<!-- \/ Yoast SEO plugin. -->","yoast_head_json":{"title":"Die Region Hautes-Alpes - Camping Les Ecolodges des 3 Lacs","description":"Verbringen Sie Ihren Urlaub in den Ecolodges des 3 Lacs und entdecken Sie die Hautes-Alpes und die Provence: Berge, Seen und D\u00f6rfer.","robots":{"index":"index","follow":"follow","max-snippet":"max-snippet:-1","max-image-preview":"max-image-preview:large","max-video-preview":"max-video-preview:-1"},"canonical":"https:\/\/www.ecolodges-des-3-lacs.com\/de\/der-umgebung\/","og_locale":"de_DE","og_type":"article","og_title":"Die Region Hautes-Alpes - Camping Les Ecolodges des 3 Lacs","og_description":"Verbringen Sie Ihren Urlaub in den Ecolodges des 3 Lacs und entdecken Sie die Hautes-Alpes und die Provence: Berge, Seen und D\u00f6rfer.","og_url":"https:\/\/www.ecolodges-des-3-lacs.com\/de\/der-umgebung\/","og_site_name":"Ecolodges des 3 Lacs","article_modified_time":"2026-02-23T14:14:55+00:00","og_image":[{"width":1900,"height":950,"url":"https:\/\/www.ecolodges-des-3-lacs.com\/wp-content\/uploads\/region-top.jpg","type":"image\/jpeg"}],"twitter_card":"summary_large_image","twitter_misc":{"Gesch\u00e4tzte Lesezeit":"17\u00a0Minuten"},"schema":{"@context":"https:\/\/schema.org","@graph":[{"@type":"WebPage","@id":"https:\/\/www.ecolodges-des-3-lacs.com\/de\/der-umgebung\/","url":"https:\/\/www.ecolodges-des-3-lacs.com\/de\/der-umgebung\/","name":"Die Region Hautes-Alpes - Camping Les Ecolodges des 3 Lacs","isPartOf":{"@id":"https:\/\/www.ecolodges-des-3-lacs.com\/#website"},"primaryImageOfPage":{"@id":"https:\/\/www.ecolodges-des-3-lacs.com\/de\/der-umgebung\/#primaryimage"},"image":{"@id":"https:\/\/www.ecolodges-des-3-lacs.com\/de\/der-umgebung\/#primaryimage"},"thumbnailUrl":"https:\/\/www.ecolodges-des-3-lacs.com\/wp-content\/uploads\/region-top.jpg","datePublished":"2023-12-15T16:09:48+00:00","dateModified":"2026-02-23T14:14:55+00:00","description":"Verbringen Sie Ihren Urlaub in den Ecolodges des 3 Lacs und entdecken Sie die Hautes-Alpes und die Provence: Berge, Seen und D\u00f6rfer.","breadcrumb":{"@id":"https:\/\/www.ecolodges-des-3-lacs.com\/de\/der-umgebung\/#breadcrumb"},"inLanguage":"de","potentialAction":[{"@type":"ReadAction","target":["https:\/\/www.ecolodges-des-3-lacs.com\/de\/der-umgebung\/"]}]},{"@type":"ImageObject","inLanguage":"de","@id":"https:\/\/www.ecolodges-des-3-lacs.com\/de\/der-umgebung\/#primaryimage","url":"https:\/\/www.ecolodges-des-3-lacs.com\/wp-content\/uploads\/region-top.jpg","contentUrl":"https:\/\/www.ecolodges-des-3-lacs.com\/wp-content\/uploads\/region-top.jpg"},{"@type":"BreadcrumbList","@id":"https:\/\/www.ecolodges-des-3-lacs.com\/de\/der-umgebung\/#breadcrumb","itemListElement":[{"@type":"ListItem","position":1,"name":"Portada","item":"https:\/\/www.ecolodges-des-3-lacs.com\/de\/"},{"@type":"ListItem","position":2,"name":"Der Umgebung"}]},{"@type":"WebSite","@id":"https:\/\/www.ecolodges-des-3-lacs.com\/#website","url":"https:\/\/www.ecolodges-des-3-lacs.com\/","name":"Ecolodges des 3 Lacs","description":"Bienvenue dans les Hautes Alpes","publisher":{"@id":"https:\/\/www.ecolodges-des-3-lacs.com\/#organization"},"potentialAction":[{"@type":"SearchAction","target":{"@type":"EntryPoint","urlTemplate":"https:\/\/www.ecolodges-des-3-lacs.com\/?s={search_term_string}"},"query-input":{"@type":"PropertyValueSpecification","valueRequired":true,"valueName":"search_term_string"}}],"inLanguage":"de"},{"@type":"Organization","@id":"https:\/\/www.ecolodges-des-3-lacs.com\/#organization","name":"Ecolodges des 3 Lacs","url":"https:\/\/www.ecolodges-des-3-lacs.com\/","logo":{"@type":"ImageObject","inLanguage":"de","@id":"https:\/\/www.ecolodges-des-3-lacs.com\/#\/schema\/logo\/image\/","url":"https:\/\/www.ecolodges-des-3-lacs.com\/wp-content\/uploads\/logo-ecolodges.png","contentUrl":"https:\/\/www.ecolodges-des-3-lacs.com\/wp-content\/uploads\/logo-ecolodges.png","width":200,"height":148,"caption":"Ecolodges des 3 Lacs"},"image":{"@id":"https:\/\/www.ecolodges-des-3-lacs.com\/#\/schema\/logo\/image\/"}}]}},"_links":{"self":[{"href":"https:\/\/www.ecolodges-des-3-lacs.com\/de\/wp-json\/wp\/v2\/pages\/1968","targetHints":{"allow":["GET"]}}],"collection":[{"href":"https:\/\/www.ecolodges-des-3-lacs.com\/de\/wp-json\/wp\/v2\/pages"}],"about":[{"href":"https:\/\/www.ecolodges-des-3-lacs.com\/de\/wp-json\/wp\/v2\/types\/page"}],"author":[{"embeddable":true,"href":"https:\/\/www.ecolodges-des-3-lacs.com\/de\/wp-json\/wp\/v2\/users\/3"}],"replies":[{"embeddable":true,"href":"https:\/\/www.ecolodges-des-3-lacs.com\/de\/wp-json\/wp\/v2\/comments?post=1968"}],"version-history":[{"count":7,"href":"https:\/\/www.ecolodges-des-3-lacs.com\/de\/wp-json\/wp\/v2\/pages\/1968\/revisions"}],"predecessor-version":[{"id":4699,"href":"https:\/\/www.ecolodges-des-3-lacs.com\/de\/wp-json\/wp\/v2\/pages\/1968\/revisions\/4699"}],"wp:attachment":[{"href":"https:\/\/www.ecolodges-des-3-lacs.com\/de\/wp-json\/wp\/v2\/media?parent=1968"}],"curies":[{"name":"wp","href":"https:\/\/api.w.org\/{rel}","templated":true}]}}