{"id":1966,"date":"2023-12-15T17:09:48","date_gmt":"2023-12-15T16:09:48","guid":{"rendered":"https:\/\/www.ecolodges-des-3-lacs.com\/la-region\/"},"modified":"2026-02-23T15:04:45","modified_gmt":"2026-02-23T14:04:45","slug":"de-regio","status":"publish","type":"page","link":"https:\/\/www.ecolodges-des-3-lacs.com\/nl\/de-regio\/","title":{"rendered":"De regio"},"content":{"rendered":"\n<div class=\"wp-block-cover alignfull header-top\" style=\"margin-top:0px;min-height:100vh;aspect-ratio:unset;\"><img decoding=\"async\" width=\"1900\" height=\"950\" class=\"wp-block-cover__image-background wp-image-1716 lazyload\" alt=\"\" data-src=\"https:\/\/www.ecolodges-des-3-lacs.com\/wp-content\/uploads\/region-top.jpg\" style=\"--smush-placeholder-width: 1900px; --smush-placeholder-aspect-ratio: 1900\/950;object-position:48% 0%\" data-object-fit=\"cover\" data-object-position=\"48% 0%\" data-srcset=\"https:\/\/www.ecolodges-des-3-lacs.com\/wp-content\/uploads\/\/region-top.jpg 1900w, https:\/\/www.ecolodges-des-3-lacs.com\/wp-content\/uploads\/\/region-top-1024x512.jpg 1024w, https:\/\/www.ecolodges-des-3-lacs.com\/wp-content\/uploads\/\/region-top-768x384.jpg 768w, https:\/\/www.ecolodges-des-3-lacs.com\/wp-content\/uploads\/\/region-top-1536x768.jpg 1536w, https:\/\/www.ecolodges-des-3-lacs.com\/wp-content\/uploads\/\/region-top-512x256.jpg 512w, https:\/\/www.ecolodges-des-3-lacs.com\/wp-content\/uploads\/\/region-top-256x128.jpg 256w\" data-sizes=\"(max-width: 1900px) 100vw, 1900px\" src=\"data:image\/svg+xml;base64,PHN2ZyB3aWR0aD0iMSIgaGVpZ2h0PSIxIiB4bWxucz0iaHR0cDovL3d3dy53My5vcmcvMjAwMC9zdmciPjwvc3ZnPg==\" \/><span aria-hidden=\"true\" class=\"wp-block-cover__background has-background-dim-20 has-background-dim\"><\/span><div class=\"wp-block-cover__inner-container is-layout-constrained wp-block-cover-is-layout-constrained\">\n<div class=\"wp-block-columns are-vertically-aligned-center is-layout-flex wp-container-core-columns-is-layout-56259212 wp-block-columns-is-layout-flex\" style=\"margin-top:70px\">\n<div class=\"wp-block-column is-vertically-aligned-center titre-top r animation--init--once animation--left is-layout-flow wp-block-column-is-layout-flow\" style=\"flex-basis:67%\">\n<p class=\"has-text-align-left\">Camping Les Ecolodges<br>des 3 Lacs<\/p>\n<\/div>\n\n\n\n<div class=\"wp-block-column is-vertically-aligned-center motor-content is-layout-flow wp-block-column-is-layout-flow\" style=\"flex-basis:40%\">\n<div class=\"wp-block-group motor-thelis motor-header is-layout-constrained wp-block-group-is-layout-constrained\" style=\"margin-top:0px;margin-bottom:0px\">\n<div class=\"wp-block-columns le-moteur animation--init--once animation--right is-layout-flex wp-container-core-columns-is-layout-28f84493 wp-block-columns-is-layout-flex\">\n<div class=\"wp-block-column is-layout-flow wp-block-column-is-layout-flow\" style=\"flex-basis:100%\">\n<p class=\"has-text-align-center titre-moteur has-muthiara-font-family\">Uw vakantie <sub>begint hier !<\/sub><\/p>\n\n\n\n<section class=\"formulaire-de-recherche-bar\">\r\n            <div id=\"expand-thelis-formulaire\">Reserveren<\/div>\r\n            <div class=\"container-form\"><thr-search-engine><\/thr-search-engine><a id=\"pay-btn-2\" onclick=\"window.open('https:\/\/thelisresa.webcamp.fr\/cart-directPayment.php?camping=lacs05&amp;lang=nl');\"><i><\/i>Boek uw verblijf<\/a>\r\n            <style>\r\n            \r\n            .thr-search-engine .thr-search-engine-main > .thr-btn-search { max-width: 20% !important; }\r\n            .thr .btn i { margin-right: 0 !important; }\r\n            #pay-btn-2 { \r\n                position: absolute;\r\n                right: 0;top: 0;\r\n                margin: 10px;\r\n                border: 0;\r\n                background-color: ;\r\n                color: ;\r\n                cursor: pointer;\r\n                width: calc(17% - 5px);\r\n                padding: 17px 0;\r\n                font-size: 18px;\r\n                font-weight: bold;\r\n                text-transform: auto;\r\n                transition: all .35s;\r\n                display: flex;justify-content: center;\r\n                align-items: center;\r\n            }\r\n            #pay-btn-2 i {\r\n                display: inline-flex;\r\n                width:18px;height:18px;\r\n                margin-right: 5px;\r\n                background-image: url('data:image\/svg+xml;utf8,<?xml version=\"1.0\" encoding=\"utf-8\"?><svg width=\"1792\" height=\"1792\" viewBox=\"0 0 1792 1792\" xmlns=\"http:\/\/www.w3.org\/2000\/svg\"><path d=\"M704 1536q0 52-38 90t-90 38-90-38-38-90 38-90 90-38 90 38 38 90zm896 0q0 52-38 90t-90 38-90-38-38-90 38-90 90-38 90 38 38 90zm128-1088v512q0 24-16.5 42.5t-40.5 21.5l-1044 122q13 60 13 70 0 16-24 64h920q26 0 45 19t19 45-19 45-45 19h-1024q-26 0-45-19t-19-45q0-11 8-31.5t16-36 21.5-40 15.5-29.5l-177-823h-204q-26 0-45-19t-19-45 19-45 45-19h256q16 0 28.5 6.5t19.5 15.5 13 24.5 8 26 5.5 29.5 4.5 26h1201q26 0 45 19t19 45z\" fill=\"rgba(255,255,255,1)\" \/><\/svg>');\r\n                background-size: cover;background-position: center center;background-repeat: no-repeat;\r\n            }\r\n            #pay-btn-2:hover { background-color: ; }\r\n            .thr-search-engine { width: 83%; }\r\n\r\n            @media screen and (max-width: 1024px) {\r\n                #pay-btn-2 { top: 52px; }\r\n                .thr-search-engine .thr-search-engine-main > .thr-btn-search { max-width: inherit !important; }\r\n            }\r\n            @media screen and (max-width: 990px) {\r\n                .thr-search-engine { width: 100%; }\r\n                #pay-btn-2 { position: relative;width: calc(100% - 20px);top: auto;margin-top: 0; }\r\n            }\r\n\r\n            thr-search-engine { border-right: 200px rgba(0,0,0,0) solid;display: block; }\r\n            @media screen and (max-width: 1024px) {\r\n                thr-search-engine { border-right: inherit;display: inherit; }\r\n            }\r\n            <\/style>\r\n            <\/div><\/section><!-- .formulaire-de-recherche-bar --><style>\r\n        #expand-thelis-formulaire { display: none; }\r\n        @media screen and (max-width: 1024px) {\r\n            #expand-thelis-formulaire { display: block; }\r\n            .formulaire-de-recherche-bar .container-form { display: none; }\r\n        }\r\n    <\/style><script>\r\n    jQuery(document).ready(function($){\r\n        jQuery('#expand-thelis-formulaire').click(function(){\r\n            if(\r\n                jQuery('.formulaire-de-recherche-bar .container-form').css('display') == 'none'\r\n            ){\r\n                jQuery('.formulaire-de-recherche-bar .container-form').css('display', 'block');\r\n                jQuery('#expand-thelis-formulaire').addClass('expanded');\r\n            }else{\r\n                jQuery('.formulaire-de-recherche-bar .container-form').css('display', 'none');\r\n                jQuery('#expand-thelis-formulaire').removeClass('expanded');\r\n            }\r\n        });\r\n    });\r\n    <\/script>\n\n\n\n<script type=\"module\" src=\"https:\/\/online.resa-booking.com\/front\/widgetBase\/v2\/module\/index.js\"><\/script><div class=\"widget-container\">\n            <!-- Widget barre de recherche ResaBooking -->\n            <rb-search-bar data-target=\"_parent\" data-requireddate=\"false\">\n            <\/rb-search-bar>\n        <\/div><script>\n        window.addEventListener('load', () => {\n            window.resabooking({\n                id: 1422,\n                token: 'f869219bc30.11571370',\n                type: 'searchBar',\n                lang: 'fr',\n                adults: 2\n                \/\/ Opciones adicionales disponibles:\n                \/\/ arrivalDate: 'YYYY-MM-DD',\n                \/\/ departureDate: 'YYYY-MM-DD',\n                \/\/ submitOnChangeCalendar: false\n            });\n            \n            console.log('\u2705 Widget ResaBooking inicializado correctamente');\n        });\n    <\/script>\n<\/div>\n<\/div>\n<\/div>\n<\/div>\n<\/div>\n<\/div><\/div>\n\n\n\n<div class=\"wp-block-group alignfull intro-page is-layout-constrained wp-block-group-is-layout-constrained\">\n<div class=\"wp-block-columns are-vertically-aligned-center centered-block is-layout-flex wp-container-core-columns-is-layout-f2b4f319 wp-block-columns-is-layout-flex\">\n<div class=\"wp-block-column is-vertically-aligned-center is-layout-flow wp-block-column-is-layout-flow\" style=\"flex-basis:50%\">\n<h1 class=\"wp-block-heading has-text-align-center\" style=\"text-transform:uppercase\"><strong>TE ZIEN EN TE DOEN<\/strong> <br>IN DE HOGE ALPEN<br><sub>camping Les Ecolodges des 3 Lacs<\/sub><\/h1>\n\n\n\n<p class=\"has-text-align-center\">Of u nu op zoek bent naar ontspanning of avontuur, onze camping biedt u de mogelijkheid om van beide te genieten. Neem deel aan verschillende activiteiten zoals wandelen, zwemmen, watersporten en luchtsporten. Verken lokale markten, kastelen, \u2018Les demoiselles coiff\u00e9es\u2019 en vergeet zeker de route van fruit en wijn niet. Hieronder vindt u een kleine selectie van de talloze mogelijkheden.<\/p>\n<\/div>\n<\/div>\n<\/div>\n\n\n\n<div class=\"wp-block-group alignfull sliders-camping oh is-layout-constrained wp-block-group-is-layout-constrained\">\n<div class=\"wp-block-columns alignfull are-vertically-aligned-center r animation--init--once animation--left is-layout-flex wp-container-core-columns-is-layout-28f84493 wp-block-columns-is-layout-flex\">\n<div class=\"wp-block-column is-vertically-aligned-center slider-info is-layout-flow wp-block-column-is-layout-flow\" style=\"flex-basis:38%\">\n<h2 class=\"wp-block-heading\"><strong>AVONTUUR<\/strong> <sub> <span style=\"background-color: rgb(255, 255, 255); color: var(--wp--preset--color--theme-green-1); font-family: var(--wp--preset--font-family--outfit); vertical-align: sub;\">Sport en familie<\/span><\/sub><\/h2>\n\n\n\n<p>Avontuur, sport en familieplezier<\/p>\n\n\n\n<p>Ervaar de opwinding van de vele activiteiten die afgestemd zijn op onze prachtige omgeving. Bewonder een adembenemende roofvogelshow met het schilderachtige Lac Serre-Pon\u00e7on op de achtergrond, of waag je zelfs aan een parachutesprong uit een vliegtuig. Hiernaast is een kleine selectie van de talloze mogelijkheden die je hier vindt. Voor nog meer idee\u00ebn staan we altijd voor je klaar bij onze receptie.<\/p>\n<\/div>\n\n\n\n<div class=\"wp-block-column is-vertically-aligned-center le-slider is-layout-flow wp-block-column-is-layout-flow\">\n<div class=\"wp-block-slider\">\n    <div class=\"block-slider-splide splide\" id=\"block_slide_7409\">\n        <div class=\"splide__track\">\n                <div class=\"acf-innerblocks-container\">\n\n<div class=\"wp-block-group has-theme-white-color has-theme-grey-background-color has-text-color has-background is-layout-flow wp-block-group-is-layout-flow\" style=\"padding-top:0px;padding-right:0px;padding-bottom:0px;padding-left:0px\">\n<div class=\"wp-block-cover is-light has-custom-content-position is-position-bottom-left\"><img decoding=\"async\" width=\"700\" height=\"900\" class=\"wp-block-cover__image-background wp-image-1767 lazyload\" alt=\"\" data-src=\"https:\/\/www.ecolodges-des-3-lacs.com\/wp-content\/uploads\/apiland-01.jpg\" data-object-fit=\"cover\" data-srcset=\"https:\/\/www.ecolodges-des-3-lacs.com\/wp-content\/uploads\/\/apiland-01.jpg 700w, https:\/\/www.ecolodges-des-3-lacs.com\/wp-content\/uploads\/\/apiland-01-398x512.jpg 398w, https:\/\/www.ecolodges-des-3-lacs.com\/wp-content\/uploads\/\/apiland-01-199x256.jpg 199w\" data-sizes=\"(max-width: 700px) 100vw, 700px\" src=\"data:image\/svg+xml;base64,PHN2ZyB3aWR0aD0iMSIgaGVpZ2h0PSIxIiB4bWxucz0iaHR0cDovL3d3dy53My5vcmcvMjAwMC9zdmciPjwvc3ZnPg==\" style=\"--smush-placeholder-width: 700px; --smush-placeholder-aspect-ratio: 700\/900;\" \/><span aria-hidden=\"true\" class=\"wp-block-cover__background has-background-dim-0 has-background-dim\"><\/span><div class=\"wp-block-cover__inner-container is-layout-constrained wp-block-cover-is-layout-constrained\">\n<h3 class=\"wp-block-heading has-text-align-left\">Apiland en Parc Animalier<\/h3>\n\n\n\n<div class=\"wp-block-group onhover is-layout-constrained wp-block-group-is-layout-constrained\">\n<p class=\"has-theme-white-color has-text-color has-link-color wp-elements-ca83d20ae83285ff4419dfd7581e057b\">Ontdek de magie van de natuur bij <a href=\"https:\/\/www.apiland.com\/\" target=\"_blank\" rel=\"noreferrer noopener\">Apiland<\/a> en <a href=\"https:\/\/www.parcanimalierdeserreponcon.com\/index.html\" target=\"_blank\" rel=\"noreferrer noopener\">Parc Animalier<\/a>! Bij Apiland leren volwassenen en kinderen hoe ze voor bijen kunnen zorgen terwijl ze genieten van heerlijke honingproducten. In Parc animalier staat de zorg voor dieren centraal, met aandacht voor hun natuurlijke leefomgeving. Een geweldig uitje voor het hele gezin en een kans om de band met de natuur te versterken. Kom en beleef het zelf!<\/p>\n<\/div>\n<\/div><\/div>\n<\/div>\n\n\n\n<div class=\"wp-block-group has-theme-white-color has-theme-grey-background-color has-text-color has-background is-layout-flow wp-block-group-is-layout-flow\" style=\"padding-top:0px;padding-right:0px;padding-bottom:0px;padding-left:0px\">\n<div class=\"wp-block-cover is-light has-custom-content-position is-position-bottom-left\"><img decoding=\"async\" width=\"2560\" height=\"1707\" class=\"wp-block-cover__image-background wp-image-1785 lazyload\" alt=\"\" data-src=\"https:\/\/www.ecolodges-des-3-lacs.com\/wp-content\/uploads\/eau-vive-passion-3-scaled.jpg\" data-object-fit=\"cover\" data-srcset=\"https:\/\/www.ecolodges-des-3-lacs.com\/wp-content\/uploads\/\/eau-vive-passion-3-scaled.jpg 2560w, https:\/\/www.ecolodges-des-3-lacs.com\/wp-content\/uploads\/\/eau-vive-passion-3-1024x683.jpg 1024w, https:\/\/www.ecolodges-des-3-lacs.com\/wp-content\/uploads\/\/eau-vive-passion-3-2048x1365.jpg 2048w, https:\/\/www.ecolodges-des-3-lacs.com\/wp-content\/uploads\/\/eau-vive-passion-3-768x512.jpg 768w, https:\/\/www.ecolodges-des-3-lacs.com\/wp-content\/uploads\/\/eau-vive-passion-3-1536x1024.jpg 1536w, https:\/\/www.ecolodges-des-3-lacs.com\/wp-content\/uploads\/\/eau-vive-passion-3-512x341.jpg 512w, https:\/\/www.ecolodges-des-3-lacs.com\/wp-content\/uploads\/\/eau-vive-passion-3-256x171.jpg 256w\" data-sizes=\"(max-width: 2560px) 100vw, 2560px\" src=\"data:image\/svg+xml;base64,PHN2ZyB3aWR0aD0iMSIgaGVpZ2h0PSIxIiB4bWxucz0iaHR0cDovL3d3dy53My5vcmcvMjAwMC9zdmciPjwvc3ZnPg==\" style=\"--smush-placeholder-width: 2560px; --smush-placeholder-aspect-ratio: 2560\/1707;\" \/><span aria-hidden=\"true\" class=\"wp-block-cover__background has-background-dim-0 has-background-dim\"><\/span><div class=\"wp-block-cover__inner-container is-layout-constrained wp-block-cover-is-layout-constrained\">\n<h3 class=\"wp-block-heading has-text-align-left\">Eau Vive Passion<\/h3>\n\n\n\n<div class=\"wp-block-group onhover is-layout-constrained wp-block-group-is-layout-constrained\">\n<p>Klaar voor een avontuur bij <a href=\"https:\/\/www.eauvivepassion.fr\/\" target=\"_blank\" rel=\"noreferrer noopener\">Eau Vive Passion<\/a>? Ontdek de verschillende manieren waarop je jezelf kunt uitdagen in onze adembenemende omgeving met diverse wildwatersporten: kano\u00ebn, raften, hydrospeed en meer. Kies snel jouw sportieve wateravontuur en verken de omgeving vanaf het water. En als je echt de hoogte in wilt, daag jezelf dan uit met een spannende klimtocht!<\/p>\n<\/div>\n<\/div><\/div>\n<\/div>\n\n\n\n<div class=\"wp-block-group has-theme-white-color has-theme-grey-background-color has-text-color has-background is-layout-flow wp-block-group-is-layout-flow\" style=\"padding-top:0px;padding-right:0px;padding-bottom:0px;padding-left:0px\">\n<div class=\"wp-block-cover is-light has-custom-content-position is-position-bottom-left\"><img decoding=\"async\" width=\"700\" height=\"900\" class=\"wp-block-cover__image-background wp-image-1769 lazyload\" alt=\"\" data-src=\"https:\/\/www.ecolodges-des-3-lacs.com\/wp-content\/uploads\/karting-01.jpg\" data-object-fit=\"cover\" data-srcset=\"https:\/\/www.ecolodges-des-3-lacs.com\/wp-content\/uploads\/\/karting-01.jpg 700w, https:\/\/www.ecolodges-des-3-lacs.com\/wp-content\/uploads\/\/karting-01-398x512.jpg 398w, https:\/\/www.ecolodges-des-3-lacs.com\/wp-content\/uploads\/\/karting-01-199x256.jpg 199w\" data-sizes=\"(max-width: 700px) 100vw, 700px\" src=\"data:image\/svg+xml;base64,PHN2ZyB3aWR0aD0iMSIgaGVpZ2h0PSIxIiB4bWxucz0iaHR0cDovL3d3dy53My5vcmcvMjAwMC9zdmciPjwvc3ZnPg==\" style=\"--smush-placeholder-width: 700px; --smush-placeholder-aspect-ratio: 700\/900;\" \/><span aria-hidden=\"true\" class=\"wp-block-cover__background has-background-dim-0 has-background-dim\"><\/span><div class=\"wp-block-cover__inner-container is-layout-constrained wp-block-cover-is-layout-constrained\">\n<h3 class=\"wp-block-heading has-text-align-left\">Karting<\/h3>\n\n\n\n<div class=\"wp-block-group onhover is-layout-constrained wp-block-group-is-layout-constrained\">\n<p>Slechts zeven minuten lopen vanaf onze camping&#8230; en geen geluidsoverlast op de camping! Ontdek een opwindend parcours en beleef de sensatie van het racen als een ware Max Verstappen op de <a href=\"https:\/\/karting3lacs.fr\/\" target=\"_blank\" rel=\"noreferrer noopener\">kartbaan<\/a>.<\/p>\n<\/div>\n<\/div><\/div>\n<\/div>\n\n\n\n<div class=\"wp-block-group has-theme-white-color has-theme-grey-background-color has-text-color has-background is-layout-flow wp-block-group-is-layout-flow\" style=\"padding-top:0px;padding-right:0px;padding-bottom:0px;padding-left:0px\">\n<div class=\"wp-block-cover has-custom-content-position is-position-bottom-left\"><img decoding=\"async\" width=\"700\" height=\"900\" class=\"wp-block-cover__image-background wp-image-1770 lazyload\" alt=\"\" data-src=\"https:\/\/www.ecolodges-des-3-lacs.com\/wp-content\/uploads\/ski-nautique-01.jpg\" data-object-fit=\"cover\" data-srcset=\"https:\/\/www.ecolodges-des-3-lacs.com\/wp-content\/uploads\/\/ski-nautique-01.jpg 700w, https:\/\/www.ecolodges-des-3-lacs.com\/wp-content\/uploads\/\/ski-nautique-01-398x512.jpg 398w, https:\/\/www.ecolodges-des-3-lacs.com\/wp-content\/uploads\/\/ski-nautique-01-199x256.jpg 199w\" data-sizes=\"(max-width: 700px) 100vw, 700px\" src=\"data:image\/svg+xml;base64,PHN2ZyB3aWR0aD0iMSIgaGVpZ2h0PSIxIiB4bWxucz0iaHR0cDovL3d3dy53My5vcmcvMjAwMC9zdmciPjwvc3ZnPg==\" style=\"--smush-placeholder-width: 700px; --smush-placeholder-aspect-ratio: 700\/900;\" \/><span aria-hidden=\"true\" class=\"wp-block-cover__background has-background-dim-0 has-background-dim\"><\/span><div class=\"wp-block-cover__inner-container is-layout-constrained wp-block-cover-is-layout-constrained\">\n<h3 class=\"wp-block-heading has-text-align-left\">Ski nautique<\/h3>\n\n\n\n<div class=\"wp-block-group onhover is-layout-constrained wp-block-group-is-layout-constrained\">\n<p>Op steenworp afstand van onze camping biedt <a href=\"https:\/\/www.authenticwakepark.com\/\" target=\"_blank\" rel=\"noreferrer noopener\">Authentic Wakepark<\/a> de ultieme waterski- en wakeboardervaring. Met schansen van verschillende niveaus en alle benodigde uitrusting is een onvergetelijke tijd gegarandeerd.<\/p>\n<\/div>\n<\/div><\/div>\n<\/div>\n\n\n\n<div class=\"wp-block-group has-theme-white-color has-theme-grey-background-color has-text-color has-background is-layout-flow wp-block-group-is-layout-flow\" style=\"padding-top:0px;padding-right:0px;padding-bottom:0px;padding-left:0px\">\n<div class=\"wp-block-cover is-light has-custom-content-position is-position-bottom-left\"><img decoding=\"async\" width=\"1500\" height=\"1000\" class=\"wp-block-cover__image-background wp-image-1786 lazyload\" alt=\"\" data-src=\"https:\/\/www.ecolodges-des-3-lacs.com\/wp-content\/uploads\/sports-aeriens-les-ecolodges-des-3-lacs-3.jpg\" style=\"--smush-placeholder-width: 1500px; --smush-placeholder-aspect-ratio: 1500\/1000;object-position:50% 13%\" data-object-fit=\"cover\" data-object-position=\"50% 13%\" data-srcset=\"https:\/\/www.ecolodges-des-3-lacs.com\/wp-content\/uploads\/\/sports-aeriens-les-ecolodges-des-3-lacs-3.jpg 1500w, https:\/\/www.ecolodges-des-3-lacs.com\/wp-content\/uploads\/\/sports-aeriens-les-ecolodges-des-3-lacs-3-1024x683.jpg 1024w, https:\/\/www.ecolodges-des-3-lacs.com\/wp-content\/uploads\/\/sports-aeriens-les-ecolodges-des-3-lacs-3-768x512.jpg 768w, https:\/\/www.ecolodges-des-3-lacs.com\/wp-content\/uploads\/\/sports-aeriens-les-ecolodges-des-3-lacs-3-512x341.jpg 512w, https:\/\/www.ecolodges-des-3-lacs.com\/wp-content\/uploads\/\/sports-aeriens-les-ecolodges-des-3-lacs-3-256x171.jpg 256w\" data-sizes=\"(max-width: 1500px) 100vw, 1500px\" src=\"data:image\/svg+xml;base64,PHN2ZyB3aWR0aD0iMSIgaGVpZ2h0PSIxIiB4bWxucz0iaHR0cDovL3d3dy53My5vcmcvMjAwMC9zdmciPjwvc3ZnPg==\" \/><span aria-hidden=\"true\" class=\"wp-block-cover__background has-background-dim-0 has-background-dim\"><\/span><div class=\"wp-block-cover__inner-container is-layout-constrained wp-block-cover-is-layout-constrained\">\n<h3 class=\"wp-block-heading has-text-align-left\">Luchtsporten<\/h3>\n\n\n\n<div class=\"wp-block-group onhover is-layout-constrained wp-block-group-is-layout-constrained\">\n<p>Verleg je grenzen\u2026.<\/p>\n\n\n\n<p>Het sportieve centrum <a href=\"https:\/\/www.paradrenalin.fr\/\" target=\"_blank\" rel=\"noreferrer noopener\">Paradrenalin<\/a> biedt een scala aan luchtsportactiviteiten en is gevestigd op een van de mooiste locaties van Frankrijk. Ervaar het parachutespringen in Tallard, luchtacrobatiek en nog veel meer spannende activiteiten!<\/p>\n<\/div>\n<\/div><\/div>\n<\/div>\n\n<\/div>        <\/div>\n    <\/div>\n<\/div>\n    <script>\n        'use strict';\n\n        document.addEventListener('DOMContentLoaded', function () {\n\n            (function() {\n                const blockSlide = new Splide( '#block_slide_7409', {\n                    type : 'loop',\n                    perPage: 2,\n                    perMove: 1,\n                                        \n                    breakpoints: {\n                        800: {\n                            perPage: 1,\n                                                    },\n                        450: {\n                            perPage: 1,\n                            \n                        },\n                    },\n                    autoplay: true,\n                    pagination: false,\n                    arrows: true,\n                    gap: 'var(--wp--style--block-gap)',\n                    i18n: {\n                        slideLabel: '%s\/%s',\n                    }\n                } );\n                \n                blockSlide.mount();\n                                            })();\n        })\n    <\/script>\n<\/div>\n<\/div>\n\n\n\n<div class=\"wp-block-columns alignfull are-vertically-aligned-center r animation--init--once animation--right is-layout-flex wp-container-core-columns-is-layout-28f84493 wp-block-columns-is-layout-flex\">\n<div class=\"wp-block-column is-vertically-aligned-center slider-info is-layout-flow wp-block-column-is-layout-flow\" style=\"flex-basis:38%\">\n<h2 class=\"wp-block-heading\"><strong>NATUURLIJKE PLAATSEN<\/strong> <br>EN MONUMENTEN<sub>Natuur en cultuur<\/sub><\/h2>\n\n\n\n<p>Laat je betoveren door onze adembenemende omgeving. Of je nu kiest voor uitdagende bergwandelingen of liever rustig de wijnen in onze regio ontdekt, er is voor ieder wat wils. En als je nog meer inspiratie nodig hebt, staan we klaar bij de receptie om je te helpen.<\/p>\n<\/div>\n\n\n\n<div class=\"wp-block-column is-vertically-aligned-center le-slider is-layout-flow wp-block-column-is-layout-flow\">\n<div class=\"wp-block-slider\">\n    <div class=\"block-slider-splide splide\" id=\"block_slide_15\">\n        <div class=\"splide__track\">\n                <div class=\"acf-innerblocks-container\">\n\n<div class=\"wp-block-group has-theme-white-color has-theme-grey-background-color has-text-color has-background is-layout-flow wp-block-group-is-layout-flow\" style=\"padding-top:0px;padding-right:0px;padding-bottom:0px;padding-left:0px\">\n<div class=\"wp-block-cover has-custom-content-position is-position-bottom-left\"><img decoding=\"async\" width=\"700\" height=\"900\" class=\"wp-block-cover__image-background wp-image-1776 lazyload\" alt=\"\" data-src=\"https:\/\/www.ecolodges-des-3-lacs.com\/wp-content\/uploads\/3-lacs-restaurant-01.jpg\" data-object-fit=\"cover\" data-srcset=\"https:\/\/www.ecolodges-des-3-lacs.com\/wp-content\/uploads\/\/3-lacs-restaurant-01.jpg 700w, https:\/\/www.ecolodges-des-3-lacs.com\/wp-content\/uploads\/\/3-lacs-restaurant-01-398x512.jpg 398w, https:\/\/www.ecolodges-des-3-lacs.com\/wp-content\/uploads\/\/3-lacs-restaurant-01-199x256.jpg 199w\" data-sizes=\"(max-width: 700px) 100vw, 700px\" src=\"data:image\/svg+xml;base64,PHN2ZyB3aWR0aD0iMSIgaGVpZ2h0PSIxIiB4bWxucz0iaHR0cDovL3d3dy53My5vcmcvMjAwMC9zdmciPjwvc3ZnPg==\" style=\"--smush-placeholder-width: 700px; --smush-placeholder-aspect-ratio: 700\/900;\" \/><span aria-hidden=\"true\" class=\"wp-block-cover__background has-background-dim-0 has-background-dim\"><\/span><div class=\"wp-block-cover__inner-container is-layout-constrained wp-block-cover-is-layout-constrained\">\n<h3 class=\"wp-block-heading has-text-align-left\">De drie meren<\/h3>\n\n\n\n<div class=\"wp-block-group onhover is-layout-constrained wp-block-group-is-layout-constrained\">\n<p>Wandel van de camping en je belandt in drie minuutjes op het betoverende kiezelstrand van onze drie prachtige meren. Met slechts een tik van je toegangsbadge geniet je direct van dit natuurlijke paradijs.<\/p>\n\n\n\n<p>Laat je verleiden door verfrissende duiken in het kristalheldere water of slenter langs de dijk die de meren scheidt van de schilderachtige Durance. Hier vind je de perfecte balans tussen ontspanning en avontuur, recht voor de deur van de camping.<\/p>\n\n\n\n<p>Geniet tussendoor of na afloop van een heerlijk drankje of een etentje bij<\/p>\n\n\n\n<p><a href=\"https:\/\/www.facebook.com\/p\/Bar-Du-pont-100057181281391\/\" target=\"_blank\" rel=\"noreferrer noopener\">Bar du Pont<\/a> of restaurant <a href=\"https:\/\/www.facebook.com\/o3lacs\/\" target=\"_blank\" rel=\"noreferrer noopener\">\u00d4 3 Lacs<\/a> of bij onze snack op de camping aan het meer.<\/p>\n<\/div>\n<\/div><\/div>\n<\/div>\n\n\n\n<div class=\"wp-block-group has-theme-white-color has-theme-grey-background-color has-text-color has-background is-layout-flow wp-block-group-is-layout-flow\" style=\"padding-top:0px;padding-right:0px;padding-bottom:0px;padding-left:0px\">\n<div class=\"wp-block-cover has-custom-content-position is-position-bottom-left\"><img decoding=\"async\" width=\"700\" height=\"900\" class=\"wp-block-cover__image-background wp-image-1781 lazyload\" alt=\"\" data-src=\"https:\/\/www.ecolodges-des-3-lacs.com\/wp-content\/uploads\/museoscope-01.jpg\" data-object-fit=\"cover\" data-srcset=\"https:\/\/www.ecolodges-des-3-lacs.com\/wp-content\/uploads\/\/museoscope-01.jpg 700w, https:\/\/www.ecolodges-des-3-lacs.com\/wp-content\/uploads\/\/museoscope-01-398x512.jpg 398w, https:\/\/www.ecolodges-des-3-lacs.com\/wp-content\/uploads\/\/museoscope-01-199x256.jpg 199w\" data-sizes=\"(max-width: 700px) 100vw, 700px\" src=\"data:image\/svg+xml;base64,PHN2ZyB3aWR0aD0iMSIgaGVpZ2h0PSIxIiB4bWxucz0iaHR0cDovL3d3dy53My5vcmcvMjAwMC9zdmciPjwvc3ZnPg==\" style=\"--smush-placeholder-width: 700px; --smush-placeholder-aspect-ratio: 700\/900;\" \/><span aria-hidden=\"true\" class=\"wp-block-cover__background has-background-dim-0 has-background-dim\"><\/span><div class=\"wp-block-cover__inner-container is-layout-constrained wp-block-cover-is-layout-constrained\">\n<h3 class=\"wp-block-heading has-text-align-left\">Mus\u00e9oscope<\/h3>\n\n\n\n<div class=\"wp-block-group onhover is-layout-constrained wp-block-group-is-layout-constrained\">\n<p>Ontdek alles over de grootste aarden dam van Europa in <a href=\"http:\/\/www.museoscope-du-lac.com\/fr\/\" target=\"_blank\" rel=\"noreferrer noopener\">Mus\u00e9oscope<\/a>.<\/p>\n\n\n\n<p>Duik in het verhaal van de bouw van de Serre Pon\u00e7on-dam en de ondergelopen dorpen in Mus\u00e9oscope. Hier komen vrije tijd en cultuur samen in \u00e9\u00e9n boeiende ruimte.<\/p>\n\n\n\n<p>Ervaar bijvoorbeeld de uitdaging van de adelaar over de Durance in een opwindende 4D- en 5D-zaal.<\/p>\n\n\n\n<p>En terwijl je toch bij het meer van Serre Pon\u00e7on bent, waarom niet een van de strandjes verkennen, een wandeling maken tussen de naaldbomen of een verfrissende duik nemen? Bij de receptie van Les Ecolodges des 3 Lacs vind je veel informatie over activiteiten bij dit prachtige meer.<\/p>\n\n\n\n<p>Na het avontuur in Mus\u00e9oscope kun je je trek stillen bij <a href=\"https:\/\/aupanorama-serre-poncon.fr\/\" target=\"_blank\" rel=\"noreferrer noopener\">Restaurant Au Panorama Serre Pon\u00e7on<\/a>. Hier kun je ook leuke souvenirs vinden voor de thuisblijvers.<\/p>\n<\/div>\n<\/div><\/div>\n<\/div>\n\n\n\n<div class=\"wp-block-group has-theme-white-color has-theme-grey-background-color has-text-color has-background is-layout-flow wp-block-group-is-layout-flow\" style=\"padding-top:0px;padding-right:0px;padding-bottom:0px;padding-left:0px\">\n<div class=\"wp-block-cover has-custom-content-position is-position-bottom-left\"><img decoding=\"async\" width=\"700\" height=\"900\" class=\"wp-block-cover__image-background wp-image-1777 lazyload\" alt=\"\" data-src=\"https:\/\/www.ecolodges-des-3-lacs.com\/wp-content\/uploads\/randonnee-cheval-01.jpg\" data-object-fit=\"cover\" data-srcset=\"https:\/\/www.ecolodges-des-3-lacs.com\/wp-content\/uploads\/\/randonnee-cheval-01.jpg 700w, https:\/\/www.ecolodges-des-3-lacs.com\/wp-content\/uploads\/\/randonnee-cheval-01-398x512.jpg 398w, https:\/\/www.ecolodges-des-3-lacs.com\/wp-content\/uploads\/\/randonnee-cheval-01-199x256.jpg 199w\" data-sizes=\"(max-width: 700px) 100vw, 700px\" src=\"data:image\/svg+xml;base64,PHN2ZyB3aWR0aD0iMSIgaGVpZ2h0PSIxIiB4bWxucz0iaHR0cDovL3d3dy53My5vcmcvMjAwMC9zdmciPjwvc3ZnPg==\" style=\"--smush-placeholder-width: 700px; --smush-placeholder-aspect-ratio: 700\/900;\" \/><span aria-hidden=\"true\" class=\"wp-block-cover__background has-background-dim-0 has-background-dim\"><\/span><div class=\"wp-block-cover__inner-container is-layout-constrained wp-block-cover-is-layout-constrained\">\n<h3 class=\"wp-block-heading has-text-align-left\">Paardrijtocht<\/h3>\n\n\n\n<div class=\"wp-block-group onhover is-layout-constrained wp-block-group-is-layout-constrained\">\n<p>Ga op een buitenrit met \u00c9curie les Pies du Sud, op slechts twaalf minuten lopen van de camping. Om te reserveren, bel 0033-6-60 59 14 14.<\/p>\n\n\n\n<p>Hier staat alles in het teken van de passie voor paarden: een scala aan activiteiten en hoogwaardige faciliteiten! Gelegen in een natuurlijke omgeving vlakbij La Durance en de 3 meren, biedt \u00c9curie les Pies du Sud een unieke ervaring. Met hun vele paarden en pony&#8217;s bieden ze ritten, trektochten, equicoaching en paardenshows.<\/p>\n<\/div>\n<\/div><\/div>\n<\/div>\n\n\n\n<div class=\"wp-block-group has-theme-white-color has-theme-grey-background-color has-text-color has-background is-layout-flow wp-block-group-is-layout-flow\" style=\"padding-top:0px;padding-right:0px;padding-bottom:0px;padding-left:0px\">\n<div class=\"wp-block-cover has-custom-content-position is-position-bottom-left\"><img decoding=\"async\" width=\"700\" height=\"900\" class=\"wp-block-cover__image-background wp-image-1778 lazyload\" alt=\"\" data-src=\"https:\/\/www.ecolodges-des-3-lacs.com\/wp-content\/uploads\/randonnee-montagne-01.jpg\" data-object-fit=\"cover\" data-srcset=\"https:\/\/www.ecolodges-des-3-lacs.com\/wp-content\/uploads\/\/randonnee-montagne-01.jpg 700w, https:\/\/www.ecolodges-des-3-lacs.com\/wp-content\/uploads\/\/randonnee-montagne-01-398x512.jpg 398w, https:\/\/www.ecolodges-des-3-lacs.com\/wp-content\/uploads\/\/randonnee-montagne-01-199x256.jpg 199w\" data-sizes=\"(max-width: 700px) 100vw, 700px\" src=\"data:image\/svg+xml;base64,PHN2ZyB3aWR0aD0iMSIgaGVpZ2h0PSIxIiB4bWxucz0iaHR0cDovL3d3dy53My5vcmcvMjAwMC9zdmciPjwvc3ZnPg==\" style=\"--smush-placeholder-width: 700px; --smush-placeholder-aspect-ratio: 700\/900;\" \/><span aria-hidden=\"true\" class=\"wp-block-cover__background has-background-dim-0 has-background-dim\"><\/span><div class=\"wp-block-cover__inner-container is-layout-constrained wp-block-cover-is-layout-constrained\">\n<h3 class=\"wp-block-heading has-text-align-left\">Wandelen, fietsen, hardlopen&#8230;<\/h3>\n\n\n\n<div class=\"wp-block-group onhover is-layout-constrained wp-block-group-is-layout-constrained\">\n<p>Zoals we al eerder hebben vermeld op onze website, werden we onmiddellijk verliefd op deze plek vanwege de adembenemende natuur die zich perfect leent voor het verkennen van de bergen, hetzij per fiets, wandelend of al hardlopend. We staan klaar bij de receptie om je te voorzien van alle nodige informatie om jouw avontuur te plannen. Als suggestie kun je overwegen om fietsen met optionele begeleiding te huren bij <a href=\"https:\/\/www.e-pedal.fr\/fr\/\" target=\"_blank\" rel=\"noreferrer noopener\">e-pedal05<\/a>.<\/p>\n<\/div>\n<\/div><\/div>\n<\/div>\n\n\n\n<div class=\"wp-block-group has-theme-white-color has-theme-grey-background-color has-text-color has-background is-layout-flow wp-block-group-is-layout-flow\" style=\"padding-top:0px;padding-right:0px;padding-bottom:0px;padding-left:0px\">\n<div class=\"wp-block-cover is-light has-custom-content-position is-position-bottom-left\"><img decoding=\"async\" width=\"700\" height=\"900\" class=\"wp-block-cover__image-background wp-image-1779 lazyload\" alt=\"\" data-src=\"https:\/\/www.ecolodges-des-3-lacs.com\/wp-content\/uploads\/remollon-01.jpg\" data-object-fit=\"cover\" data-srcset=\"https:\/\/www.ecolodges-des-3-lacs.com\/wp-content\/uploads\/\/remollon-01.jpg 700w, https:\/\/www.ecolodges-des-3-lacs.com\/wp-content\/uploads\/\/remollon-01-398x512.jpg 398w, https:\/\/www.ecolodges-des-3-lacs.com\/wp-content\/uploads\/\/remollon-01-199x256.jpg 199w\" data-sizes=\"(max-width: 700px) 100vw, 700px\" src=\"data:image\/svg+xml;base64,PHN2ZyB3aWR0aD0iMSIgaGVpZ2h0PSIxIiB4bWxucz0iaHR0cDovL3d3dy53My5vcmcvMjAwMC9zdmciPjwvc3ZnPg==\" style=\"--smush-placeholder-width: 700px; --smush-placeholder-aspect-ratio: 700\/900;\" \/><span aria-hidden=\"true\" class=\"wp-block-cover__background has-background-dim-0 has-background-dim\"><\/span><div class=\"wp-block-cover__inner-container is-layout-constrained wp-block-cover-is-layout-constrained\">\n<h3 class=\"wp-block-heading has-text-align-left\">Remollon<\/h3>\n\n\n\n<div class=\"wp-block-group onhover is-layout-constrained wp-block-group-is-layout-constrained\">\n<p><a href=\"https:\/\/www.remollon.fr\/decouvrir-le-village\/patrimoine\/les-cascades-petrifiantes\/\" target=\"_blank\" rel=\"noreferrer noopener\">Cascade P\u00e9trifiante \u00e0 Remollon<\/a><\/p>\n\n\n\n<p>Net buiten de buurt van het \u00c9cluse-gat, onder de RD900b-weg, stroomt er een flinke hoeveelheid water van een belangrijke bron de heuvel af door een open kanaal, steekt de weg over en bereikt de Moulin, waar het vroeger een graanmolen aandreef. Het vormt een hoge waterval, daar waar het houten kanaal dat het naar de molen leidde, is verdwenen. Echt de moeite waard om te bezoeken, het is wel snel bekeken, hoor! Daarom is dit goed te combineren met een bezoek aan \u2026<\/p>\n\n\n\n<p><a href=\"https:\/\/www.remollon.fr\/maison-du-vigneron\/\" target=\"_blank\" rel=\"noreferrer noopener\">La Maison du Vigneron \u00e0 Remollon<\/a> 10 minuten vanaf onze camping.<\/p>\n\n\n\n<p>De Proef- en verkoop-ruimte waar u wijnproducten uit de hoge Alpen kunt proeven en kopen, de productiedomeinen kunt ontdekken en een paar leuke souvenirs kunt uitkiezen tijdens een geweldige oenologische ervaring in de boetiek van de wijnboer.<\/p>\n\n\n\n<p>En tot slot heerlijk tafelen bij:<\/p>\n\n\n\n<p><a href=\"https:\/\/www.serreponconvallees.com\/deguster\/restauration\/restaurants-bars\/restaurant-snack-bar-3-alpes\" target=\"_blank\" rel=\"noreferrer noopener\">Restaurant-snack-bar Les 3 Alpes<\/a> in Remollon.<\/p>\n<\/div>\n<\/div><\/div>\n<\/div>\n\n\n\n<div class=\"wp-block-group has-theme-white-color has-theme-grey-background-color has-text-color has-background is-layout-flow wp-block-group-is-layout-flow\" style=\"padding-top:0px;padding-right:0px;padding-bottom:0px;padding-left:0px\">\n<div class=\"wp-block-cover has-custom-content-position is-position-bottom-left\"><img decoding=\"async\" width=\"700\" height=\"900\" class=\"wp-block-cover__image-background wp-image-1780 lazyload\" alt=\"\" data-src=\"https:\/\/www.ecolodges-des-3-lacs.com\/wp-content\/uploads\/theus-mont-colombis-01.jpg\" data-object-fit=\"cover\" data-srcset=\"https:\/\/www.ecolodges-des-3-lacs.com\/wp-content\/uploads\/\/theus-mont-colombis-01.jpg 700w, https:\/\/www.ecolodges-des-3-lacs.com\/wp-content\/uploads\/\/theus-mont-colombis-01-398x512.jpg 398w, https:\/\/www.ecolodges-des-3-lacs.com\/wp-content\/uploads\/\/theus-mont-colombis-01-199x256.jpg 199w\" data-sizes=\"(max-width: 700px) 100vw, 700px\" src=\"data:image\/svg+xml;base64,PHN2ZyB3aWR0aD0iMSIgaGVpZ2h0PSIxIiB4bWxucz0iaHR0cDovL3d3dy53My5vcmcvMjAwMC9zdmciPjwvc3ZnPg==\" style=\"--smush-placeholder-width: 700px; --smush-placeholder-aspect-ratio: 700\/900;\" \/><span aria-hidden=\"true\" class=\"wp-block-cover__background has-background-dim-0 has-background-dim\"><\/span><div class=\"wp-block-cover__inner-container is-layout-constrained wp-block-cover-is-layout-constrained\">\n<h3 class=\"wp-block-heading has-text-align-left\">Th\u00e9us<\/h3>\n\n\n\n<div class=\"wp-block-group onhover is-layout-constrained wp-block-group-is-layout-constrained\">\n<p>Ontdek de berg Colombis via Th\u00e9us met de auto of via een andere route te voet, rennend of fietsend. De reis er naartoe is al prachtig, maar wanneer je eenmaal de top bereikt&#8230; Woorden schieten tekort voor het adembenemende uitzicht dat zich voor je uitstrekt.<\/p>\n\n\n\n<p>Op weg naar beneden mag je de watervallen en de indrukwekkende &#8216;Les Demoiselles coiff\u00e9es&#8217; niet missen. Het is een geweldige wandeling voor jong en oud.<\/p>\n\n\n\n<p>Praat na over de indrukken onder het genot van een heerlijke maaltijd met seizoensgebonden lokale groenten bij <a href=\"https:\/\/www.facebook.com\/profile.php?id=100088419051887&amp;eav=AfbAhOX8ha8qMPqipeEloFeFjGBji1gRz0zfZA7DLFdBdMae57tZnUZXaUCwS_Y8QWA&amp;paipv=0&amp;_rdr\" target=\"_blank\" rel=\"noreferrer noopener\">restaurant Balcon de Th\u00e9us<\/a>. (Vooral met &nbsp;dieetwensen is het aan te raden om van tevoren te reserveren: 0033-6-02 14 45 01.)<\/p>\n<\/div>\n<\/div><\/div>\n<\/div>\n\n<\/div>        <\/div>\n    <\/div>\n<\/div>\n    <script>\n        'use strict';\n\n        document.addEventListener('DOMContentLoaded', function () {\n\n            (function() {\n                const blockSlide = new Splide( '#block_slide_15', {\n                    type : 'loop',\n                    perPage: 2,\n                    perMove: 1,\n                                        \n                    breakpoints: {\n                        800: {\n                            perPage: 1,\n                                                    },\n                        450: {\n                            perPage: 1,\n                            \n                        },\n                    },\n                    autoplay: true,\n                    pagination: false,\n                    arrows: true,\n                    gap: 'var(--wp--style--block-gap)',\n                    i18n: {\n                        slideLabel: '%s\/%s',\n                    }\n                } );\n                \n                blockSlide.mount();\n                                            })();\n        })\n    <\/script>\n<\/div>\n<\/div>\n<\/div>\n\n\n\n<div class=\"wp-block-group alignfull locations-camping is-layout-constrained wp-block-group-is-layout-constrained\">\n<div class=\"wp-block-columns alignwide is-layout-flex wp-container-core-columns-is-layout-28f84493 wp-block-columns-is-layout-flex\">\n<div class=\"wp-block-column is-layout-flow wp-block-column-is-layout-flow\">\n<h2 class=\"wp-block-heading has-text-align-center\"><strong>BOEK HIER UW VAKANTIEVERBLIJF<br><\/strong>OP CAMPING LES ECOLODGES DES 3 LACS<\/h2>\n<\/div>\n<\/div>\n\n\n\n<div class=\"wp-block-columns is-layout-flex wp-container-core-columns-is-layout-28f84493 wp-block-columns-is-layout-flex\">\n<div class=\"wp-block-column is-layout-flow wp-block-column-is-layout-flow\">        <a href=\"https:\/\/www.ecolodges-des-3-lacs.com\/locations\/\"class=\"wp-block-custom-banner has-text-align-left\" target=\"_self\">\n        <div class=\"acf-innerblocks-container\">\n\n<div class=\"wp-block-cover is-light has-custom-content-position is-position-bottom-left\"><img decoding=\"async\" width=\"1024\" height=\"768\" class=\"wp-block-cover__image-background wp-image-1530 lazyload\" alt=\"\" data-src=\"https:\/\/www.ecolodges-des-3-lacs.com\/wp-content\/uploads\/mobilhome-01.jpg\" data-object-fit=\"cover\" data-srcset=\"https:\/\/www.ecolodges-des-3-lacs.com\/wp-content\/uploads\/\/mobilhome-01.jpg 1024w, https:\/\/www.ecolodges-des-3-lacs.com\/wp-content\/uploads\/\/mobilhome-01-768x576.jpg 768w, https:\/\/www.ecolodges-des-3-lacs.com\/wp-content\/uploads\/\/mobilhome-01-512x384.jpg 512w, https:\/\/www.ecolodges-des-3-lacs.com\/wp-content\/uploads\/\/mobilhome-01-256x192.jpg 256w\" data-sizes=\"(max-width: 1024px) 100vw, 1024px\" src=\"data:image\/svg+xml;base64,PHN2ZyB3aWR0aD0iMSIgaGVpZ2h0PSIxIiB4bWxucz0iaHR0cDovL3d3dy53My5vcmcvMjAwMC9zdmciPjwvc3ZnPg==\" style=\"--smush-placeholder-width: 1024px; --smush-placeholder-aspect-ratio: 1024\/768;\" \/><span aria-hidden=\"true\" class=\"wp-block-cover__background has-background-dim-0 has-background-dim\"><\/span><div class=\"wp-block-cover__inner-container is-layout-constrained wp-block-cover-is-layout-constrained\">\n<p class=\"has-text-align-center has-theme-white-color has-text-color has-link-color wp-elements-54570632a24b0b73f1aab046e0ce7a8e\">Accommodatie<\/p>\n<\/div><\/div>\n\n<\/div>\n        <\/a>\n<\/div>\n\n\n\n<div class=\"wp-block-column is-layout-flow wp-block-column-is-layout-flow\">        <a href=\"https:\/\/www.ecolodges-des-3-lacs.com\/emplacements-standard\/\"class=\"wp-block-custom-banner has-text-align-left\" target=\"_self\">\n        <div class=\"acf-innerblocks-container\">\n\n<div class=\"wp-block-cover has-custom-content-position is-position-bottom-left\"><img decoding=\"async\" width=\"1024\" height=\"768\" class=\"wp-block-cover__image-background wp-image-1494 lazyload\" alt=\"\" data-src=\"https:\/\/www.ecolodges-des-3-lacs.com\/wp-content\/uploads\/emplacements-01.jpg\" data-object-fit=\"cover\" data-srcset=\"https:\/\/www.ecolodges-des-3-lacs.com\/wp-content\/uploads\/\/emplacements-01.jpg 1024w, https:\/\/www.ecolodges-des-3-lacs.com\/wp-content\/uploads\/\/emplacements-01-768x576.jpg 768w, https:\/\/www.ecolodges-des-3-lacs.com\/wp-content\/uploads\/\/emplacements-01-512x384.jpg 512w, https:\/\/www.ecolodges-des-3-lacs.com\/wp-content\/uploads\/\/emplacements-01-256x192.jpg 256w\" data-sizes=\"(max-width: 1024px) 100vw, 1024px\" src=\"data:image\/svg+xml;base64,PHN2ZyB3aWR0aD0iMSIgaGVpZ2h0PSIxIiB4bWxucz0iaHR0cDovL3d3dy53My5vcmcvMjAwMC9zdmciPjwvc3ZnPg==\" style=\"--smush-placeholder-width: 1024px; --smush-placeholder-aspect-ratio: 1024\/768;\" \/><span aria-hidden=\"true\" class=\"wp-block-cover__background has-background-dim-0 has-background-dim\"><\/span><div class=\"wp-block-cover__inner-container is-layout-constrained wp-block-cover-is-layout-constrained\">\n<p class=\"has-text-align-center has-theme-white-color has-text-color has-link-color wp-elements-6bf5fdc0fd41286fe40cbf31ec582ce5\">Kampeerplaatsen<\/p>\n<\/div><\/div>\n\n<\/div>\n        <\/a>\n<\/div>\n<\/div>\n<\/div>\n","protected":false},"excerpt":{"rendered":"<p>TE ZIEN EN TE DOEN IN DE HOGE ALPENcamping Les Ecolodges des 3 Lacs Of u nu op zoek bent naar ontspanning of avontuur, onze&#8230;<\/p>\n","protected":false},"author":3,"featured_media":0,"parent":0,"menu_order":5,"comment_status":"closed","ping_status":"closed","template":"","meta":{"_acf_changed":false,"inline_featured_image":false,"footnotes":""},"class_list":["post-1966","page","type-page","status-publish","hentry"],"acf":[],"yoast_head":"<!-- This site is optimized with the Yoast SEO plugin v26.6 - https:\/\/yoast.com\/wordpress\/plugins\/seo\/ -->\n<title>De regio Hautes-Alpes - Camping Les Ecolodges des 3 Lacs<\/title>\n<meta name=\"description\" content=\"Verblijf in de Ecolodges des 3 Lacs voor uw vakantie en ontdek de Hautes-Alpes en de Provence: bergen, meren en dorpen.\" \/>\n<meta name=\"robots\" content=\"index, follow, max-snippet:-1, max-image-preview:large, max-video-preview:-1\" \/>\n<link rel=\"canonical\" href=\"https:\/\/www.ecolodges-des-3-lacs.com\/nl\/de-regio\/\" \/>\n<meta property=\"og:locale\" content=\"nl_NL\" \/>\n<meta property=\"og:type\" content=\"article\" \/>\n<meta property=\"og:title\" content=\"De regio Hautes-Alpes - Camping Les Ecolodges des 3 Lacs\" \/>\n<meta property=\"og:description\" content=\"Verblijf in de Ecolodges des 3 Lacs voor uw vakantie en ontdek de Hautes-Alpes en de Provence: bergen, meren en dorpen.\" \/>\n<meta property=\"og:url\" content=\"https:\/\/www.ecolodges-des-3-lacs.com\/nl\/de-regio\/\" \/>\n<meta property=\"og:site_name\" content=\"Ecolodges des 3 Lacs\" \/>\n<meta property=\"article:modified_time\" content=\"2026-02-23T14:04:45+00:00\" \/>\n<meta property=\"og:image\" content=\"https:\/\/www.ecolodges-des-3-lacs.com\/wp-content\/uploads\/region-top.jpg\" \/>\n\t<meta property=\"og:image:width\" content=\"1900\" \/>\n\t<meta property=\"og:image:height\" content=\"950\" \/>\n\t<meta property=\"og:image:type\" content=\"image\/jpeg\" \/>\n<meta name=\"twitter:card\" content=\"summary_large_image\" \/>\n<meta name=\"twitter:label1\" content=\"Geschatte leestijd\" \/>\n\t<meta name=\"twitter:data1\" content=\"17 minuten\" \/>\n<script type=\"application\/ld+json\" class=\"yoast-schema-graph\">{\"@context\":\"https:\/\/schema.org\",\"@graph\":[{\"@type\":\"WebPage\",\"@id\":\"https:\/\/www.ecolodges-des-3-lacs.com\/nl\/de-regio\/\",\"url\":\"https:\/\/www.ecolodges-des-3-lacs.com\/nl\/de-regio\/\",\"name\":\"De regio Hautes-Alpes - Camping Les Ecolodges des 3 Lacs\",\"isPartOf\":{\"@id\":\"https:\/\/www.ecolodges-des-3-lacs.com\/#website\"},\"primaryImageOfPage\":{\"@id\":\"https:\/\/www.ecolodges-des-3-lacs.com\/nl\/de-regio\/#primaryimage\"},\"image\":{\"@id\":\"https:\/\/www.ecolodges-des-3-lacs.com\/nl\/de-regio\/#primaryimage\"},\"thumbnailUrl\":\"https:\/\/www.ecolodges-des-3-lacs.com\/wp-content\/uploads\/region-top.jpg\",\"datePublished\":\"2023-12-15T16:09:48+00:00\",\"dateModified\":\"2026-02-23T14:04:45+00:00\",\"description\":\"Verblijf in de Ecolodges des 3 Lacs voor uw vakantie en ontdek de Hautes-Alpes en de Provence: bergen, meren en dorpen.\",\"breadcrumb\":{\"@id\":\"https:\/\/www.ecolodges-des-3-lacs.com\/nl\/de-regio\/#breadcrumb\"},\"inLanguage\":\"nl-NL\",\"potentialAction\":[{\"@type\":\"ReadAction\",\"target\":[\"https:\/\/www.ecolodges-des-3-lacs.com\/nl\/de-regio\/\"]}]},{\"@type\":\"ImageObject\",\"inLanguage\":\"nl-NL\",\"@id\":\"https:\/\/www.ecolodges-des-3-lacs.com\/nl\/de-regio\/#primaryimage\",\"url\":\"https:\/\/www.ecolodges-des-3-lacs.com\/wp-content\/uploads\/region-top.jpg\",\"contentUrl\":\"https:\/\/www.ecolodges-des-3-lacs.com\/wp-content\/uploads\/region-top.jpg\"},{\"@type\":\"BreadcrumbList\",\"@id\":\"https:\/\/www.ecolodges-des-3-lacs.com\/nl\/de-regio\/#breadcrumb\",\"itemListElement\":[{\"@type\":\"ListItem\",\"position\":1,\"name\":\"Portada\",\"item\":\"https:\/\/www.ecolodges-des-3-lacs.com\/nl\/\"},{\"@type\":\"ListItem\",\"position\":2,\"name\":\"De regio\"}]},{\"@type\":\"WebSite\",\"@id\":\"https:\/\/www.ecolodges-des-3-lacs.com\/#website\",\"url\":\"https:\/\/www.ecolodges-des-3-lacs.com\/\",\"name\":\"Ecolodges des 3 Lacs\",\"description\":\"Bienvenue dans les Hautes Alpes\",\"publisher\":{\"@id\":\"https:\/\/www.ecolodges-des-3-lacs.com\/#organization\"},\"potentialAction\":[{\"@type\":\"SearchAction\",\"target\":{\"@type\":\"EntryPoint\",\"urlTemplate\":\"https:\/\/www.ecolodges-des-3-lacs.com\/?s={search_term_string}\"},\"query-input\":{\"@type\":\"PropertyValueSpecification\",\"valueRequired\":true,\"valueName\":\"search_term_string\"}}],\"inLanguage\":\"nl-NL\"},{\"@type\":\"Organization\",\"@id\":\"https:\/\/www.ecolodges-des-3-lacs.com\/#organization\",\"name\":\"Ecolodges des 3 Lacs\",\"url\":\"https:\/\/www.ecolodges-des-3-lacs.com\/\",\"logo\":{\"@type\":\"ImageObject\",\"inLanguage\":\"nl-NL\",\"@id\":\"https:\/\/www.ecolodges-des-3-lacs.com\/#\/schema\/logo\/image\/\",\"url\":\"https:\/\/www.ecolodges-des-3-lacs.com\/wp-content\/uploads\/logo-ecolodges.png\",\"contentUrl\":\"https:\/\/www.ecolodges-des-3-lacs.com\/wp-content\/uploads\/logo-ecolodges.png\",\"width\":200,\"height\":148,\"caption\":\"Ecolodges des 3 Lacs\"},\"image\":{\"@id\":\"https:\/\/www.ecolodges-des-3-lacs.com\/#\/schema\/logo\/image\/\"}}]}<\/script>\n<!-- \/ Yoast SEO plugin. -->","yoast_head_json":{"title":"De regio Hautes-Alpes - Camping Les Ecolodges des 3 Lacs","description":"Verblijf in de Ecolodges des 3 Lacs voor uw vakantie en ontdek de Hautes-Alpes en de Provence: bergen, meren en dorpen.","robots":{"index":"index","follow":"follow","max-snippet":"max-snippet:-1","max-image-preview":"max-image-preview:large","max-video-preview":"max-video-preview:-1"},"canonical":"https:\/\/www.ecolodges-des-3-lacs.com\/nl\/de-regio\/","og_locale":"nl_NL","og_type":"article","og_title":"De regio Hautes-Alpes - Camping Les Ecolodges des 3 Lacs","og_description":"Verblijf in de Ecolodges des 3 Lacs voor uw vakantie en ontdek de Hautes-Alpes en de Provence: bergen, meren en dorpen.","og_url":"https:\/\/www.ecolodges-des-3-lacs.com\/nl\/de-regio\/","og_site_name":"Ecolodges des 3 Lacs","article_modified_time":"2026-02-23T14:04:45+00:00","og_image":[{"width":1900,"height":950,"url":"https:\/\/www.ecolodges-des-3-lacs.com\/wp-content\/uploads\/region-top.jpg","type":"image\/jpeg"}],"twitter_card":"summary_large_image","twitter_misc":{"Geschatte leestijd":"17 minuten"},"schema":{"@context":"https:\/\/schema.org","@graph":[{"@type":"WebPage","@id":"https:\/\/www.ecolodges-des-3-lacs.com\/nl\/de-regio\/","url":"https:\/\/www.ecolodges-des-3-lacs.com\/nl\/de-regio\/","name":"De regio Hautes-Alpes - Camping Les Ecolodges des 3 Lacs","isPartOf":{"@id":"https:\/\/www.ecolodges-des-3-lacs.com\/#website"},"primaryImageOfPage":{"@id":"https:\/\/www.ecolodges-des-3-lacs.com\/nl\/de-regio\/#primaryimage"},"image":{"@id":"https:\/\/www.ecolodges-des-3-lacs.com\/nl\/de-regio\/#primaryimage"},"thumbnailUrl":"https:\/\/www.ecolodges-des-3-lacs.com\/wp-content\/uploads\/region-top.jpg","datePublished":"2023-12-15T16:09:48+00:00","dateModified":"2026-02-23T14:04:45+00:00","description":"Verblijf in de Ecolodges des 3 Lacs voor uw vakantie en ontdek de Hautes-Alpes en de Provence: bergen, meren en dorpen.","breadcrumb":{"@id":"https:\/\/www.ecolodges-des-3-lacs.com\/nl\/de-regio\/#breadcrumb"},"inLanguage":"nl-NL","potentialAction":[{"@type":"ReadAction","target":["https:\/\/www.ecolodges-des-3-lacs.com\/nl\/de-regio\/"]}]},{"@type":"ImageObject","inLanguage":"nl-NL","@id":"https:\/\/www.ecolodges-des-3-lacs.com\/nl\/de-regio\/#primaryimage","url":"https:\/\/www.ecolodges-des-3-lacs.com\/wp-content\/uploads\/region-top.jpg","contentUrl":"https:\/\/www.ecolodges-des-3-lacs.com\/wp-content\/uploads\/region-top.jpg"},{"@type":"BreadcrumbList","@id":"https:\/\/www.ecolodges-des-3-lacs.com\/nl\/de-regio\/#breadcrumb","itemListElement":[{"@type":"ListItem","position":1,"name":"Portada","item":"https:\/\/www.ecolodges-des-3-lacs.com\/nl\/"},{"@type":"ListItem","position":2,"name":"De regio"}]},{"@type":"WebSite","@id":"https:\/\/www.ecolodges-des-3-lacs.com\/#website","url":"https:\/\/www.ecolodges-des-3-lacs.com\/","name":"Ecolodges des 3 Lacs","description":"Bienvenue dans les Hautes Alpes","publisher":{"@id":"https:\/\/www.ecolodges-des-3-lacs.com\/#organization"},"potentialAction":[{"@type":"SearchAction","target":{"@type":"EntryPoint","urlTemplate":"https:\/\/www.ecolodges-des-3-lacs.com\/?s={search_term_string}"},"query-input":{"@type":"PropertyValueSpecification","valueRequired":true,"valueName":"search_term_string"}}],"inLanguage":"nl-NL"},{"@type":"Organization","@id":"https:\/\/www.ecolodges-des-3-lacs.com\/#organization","name":"Ecolodges des 3 Lacs","url":"https:\/\/www.ecolodges-des-3-lacs.com\/","logo":{"@type":"ImageObject","inLanguage":"nl-NL","@id":"https:\/\/www.ecolodges-des-3-lacs.com\/#\/schema\/logo\/image\/","url":"https:\/\/www.ecolodges-des-3-lacs.com\/wp-content\/uploads\/logo-ecolodges.png","contentUrl":"https:\/\/www.ecolodges-des-3-lacs.com\/wp-content\/uploads\/logo-ecolodges.png","width":200,"height":148,"caption":"Ecolodges des 3 Lacs"},"image":{"@id":"https:\/\/www.ecolodges-des-3-lacs.com\/#\/schema\/logo\/image\/"}}]}},"_links":{"self":[{"href":"https:\/\/www.ecolodges-des-3-lacs.com\/nl\/wp-json\/wp\/v2\/pages\/1966","targetHints":{"allow":["GET"]}}],"collection":[{"href":"https:\/\/www.ecolodges-des-3-lacs.com\/nl\/wp-json\/wp\/v2\/pages"}],"about":[{"href":"https:\/\/www.ecolodges-des-3-lacs.com\/nl\/wp-json\/wp\/v2\/types\/page"}],"author":[{"embeddable":true,"href":"https:\/\/www.ecolodges-des-3-lacs.com\/nl\/wp-json\/wp\/v2\/users\/3"}],"replies":[{"embeddable":true,"href":"https:\/\/www.ecolodges-des-3-lacs.com\/nl\/wp-json\/wp\/v2\/comments?post=1966"}],"version-history":[{"count":7,"href":"https:\/\/www.ecolodges-des-3-lacs.com\/nl\/wp-json\/wp\/v2\/pages\/1966\/revisions"}],"predecessor-version":[{"id":4672,"href":"https:\/\/www.ecolodges-des-3-lacs.com\/nl\/wp-json\/wp\/v2\/pages\/1966\/revisions\/4672"}],"wp:attachment":[{"href":"https:\/\/www.ecolodges-des-3-lacs.com\/nl\/wp-json\/wp\/v2\/media?parent=1966"}],"curies":[{"name":"wp","href":"https:\/\/api.w.org\/{rel}","templated":true}]}}